{"id":89,"date":"2023-06-30T22:44:48","date_gmt":"2023-06-30T20:44:48","guid":{"rendered":"https:\/\/asso-adjd.fr\/?page_id=89"},"modified":"2026-03-25T17:21:11","modified_gmt":"2026-03-25T16:21:11","slug":"nos-projets","status":"publish","type":"page","link":"https:\/\/asso-adjd.fr\/index.php\/nos-projets\/","title":{"rendered":"NOS PROJETS"},"content":{"rendered":"<p>[et_pb_section fb_built=\u00a0\u00bb1&Prime; fullwidth=\u00a0\u00bbon\u00a0\u00bb disabled_on=\u00a0\u00bbon|off|off\u00a0\u00bb _builder_version=\u00a0\u00bb4.5.5&Prime; _module_preset=\u00a0\u00bbdefault\u00a0\u00bb background_color=\u00a0\u00bb#ffffff\u00a0\u00bb background_enable_image=\u00a0\u00bboff\u00a0\u00bb top_divider_style=\u00a0\u00bbarrow3&Prime; top_divider_color=\u00a0\u00bb#00457a\u00a0\u00bb bottom_divider_style=\u00a0\u00bbarrow3&Prime; bottom_divider_color=\u00a0\u00bb#00457a\u00a0\u00bb][et_pb_fullwidth_slider _builder_version=\u00a0\u00bb4.5.5&Prime; _module_preset=\u00a0\u00bbdefault\u00a0\u00bb header_font=\u00a0\u00bbAcme||||||||\u00a0\u00bb header_text_color=\u00a0\u00bb#ffffff\u00a0\u00bb header_font_size=\u00a0\u00bb75px\u00a0\u00bb max_height=\u00a0\u00bb450px\u00a0\u00bb auto=\u00a0\u00bbon\u00a0\u00bb auto_speed=\u00a0\u00bb4000&Prime;][et_pb_slide heading=\u00a0\u00bbANNIMATION LUDIQUES, SPORTIVES ET SORTIES CULTURELLES\u00a0\u00bb button_text=\u00a0\u00bbVOIR PLUS\u00a0\u00bb button_link=\u00a0\u00bb#annim\u00a0\u00bb _builder_version=\u00a0\u00bb4.5.5&Prime; _module_preset=\u00a0\u00bbdefault\u00a0\u00bb background_color=\u00a0\u00bbrgba(0,66,58,0.74)\u00a0\u00bb background_enable_color=\u00a0\u00bbon\u00a0\u00bb background_image=\u00a0\u00bbhttps:\/\/asso-adjd.fr\/wp-content\/uploads\/2023\/07\/PHOTO-FETE-QUARTIERS-MONT-BLANC-1280&#215;958-1.jpg\u00a0\u00bb background_enable_image=\u00a0\u00bbon\u00a0\u00bb custom_padding=\u00a0\u00bb140px||||false|false\u00a0\u00bb link_option_url=\u00a0\u00bb#annimation\u00a0\u00bb header_text_shadow_style=\u00a0\u00bbpreset4&Prime; header_text_shadow_color=\u00a0\u00bb#8300e9&Prime;][\/et_pb_slide][et_pb_slide heading=\u00a0\u00bbSOLIDARIT\u00c9 INTERNATIONALE :\u00a0\u00bb button_text=\u00a0\u00bbVOIR PLUS\u00a0\u00bb button_link=\u00a0\u00bb#solidarit\u00e9\u00a0\u00bb _builder_version=\u00a0\u00bb4.5.5&Prime; _module_preset=\u00a0\u00bbdefault\u00a0\u00bb background_color=\u00a0\u00bbrgba(0,66,58,0.74)\u00a0\u00bb background_enable_color=\u00a0\u00bbon\u00a0\u00bb background_image=\u00a0\u00bbhttps:\/\/asso-adjd.fr\/wp-content\/uploads\/2023\/07\/168319983_3797017287050570_1209489435109858721_n-1080&#215;640-1.jpg\u00a0\u00bb background_enable_image=\u00a0\u00bbon\u00a0\u00bb custom_padding=\u00a0\u00bb140px||||false|false\u00a0\u00bb header_text_shadow_style=\u00a0\u00bbpreset4&Prime; header_text_shadow_color=\u00a0\u00bb#e06100&Prime;][\/et_pb_slide][et_pb_slide heading=\u00a0\u00bbUN ENGAGEMENT SOLIDAIRE ET CITOYEN\u00a0\u00bb button_text=\u00a0\u00bbVOIR PLUS\u00a0\u00bb button_link=\u00a0\u00bbhttps:\/\/asso-adjd.fr\/index.php\/nos-projets\/#engagement\u00a0\u00bb _builder_version=\u00a0\u00bb4.5.5&Prime; _module_preset=\u00a0\u00bbdefault\u00a0\u00bb header_text_color=\u00a0\u00bb#ffffff\u00a0\u00bb background_color=\u00a0\u00bbrgba(0,66,58,0.74)\u00a0\u00bb background_enable_color=\u00a0\u00bbon\u00a0\u00bb background_image=\u00a0\u00bbhttps:\/\/asso-adjd.fr\/wp-content\/uploads\/2023\/07\/IMG_20210410_143021867.jpg\u00a0\u00bb background_enable_image=\u00a0\u00bbon\u00a0\u00bb custom_padding=\u00a0\u00bb140px||||false|false\u00a0\u00bb header_text_shadow_style=\u00a0\u00bbpreset4&Prime; header_text_shadow_color=\u00a0\u00bb#032b35&Prime;][\/et_pb_slide][\/et_pb_fullwidth_slider][\/et_pb_section][et_pb_section fb_built=\u00a0\u00bb1&Prime; fullwidth=\u00a0\u00bbon\u00a0\u00bb disabled_on=\u00a0\u00bboff|on|on\u00a0\u00bb _builder_version=\u00a0\u00bb4.5.5&Prime; _module_preset=\u00a0\u00bbdefault\u00a0\u00bb background_color=\u00a0\u00bb#ffffff\u00a0\u00bb background_enable_image=\u00a0\u00bboff\u00a0\u00bb top_divider_style=\u00a0\u00bbarrow3&Prime; top_divider_color=\u00a0\u00bb#00457a\u00a0\u00bb bottom_divider_style=\u00a0\u00bbarrow3&Prime; bottom_divider_color=\u00a0\u00bb#00457a\u00a0\u00bb][et_pb_fullwidth_slider _builder_version=\u00a0\u00bb4.5.5&Prime; _module_preset=\u00a0\u00bbdefault\u00a0\u00bb header_font=\u00a0\u00bbAcme||||||||\u00a0\u00bb header_text_color=\u00a0\u00bb#ffffff\u00a0\u00bb header_font_size=\u00a0\u00bb75px\u00a0\u00bb max_height=\u00a0\u00bb450px\u00a0\u00bb auto=\u00a0\u00bbon\u00a0\u00bb auto_speed=\u00a0\u00bb4000&Prime;][et_pb_slide heading=\u00a0\u00bbANNIMATION LUDIQUES, SPORTIVES ET SORTIES CULTURELLES\u00a0\u00bb button_text=\u00a0\u00bbVOIR PLUS\u00a0\u00bb button_link=\u00a0\u00bb#lien1&Prime; _builder_version=\u00a0\u00bb4.5.5&Prime; _module_preset=\u00a0\u00bbdefault\u00a0\u00bb header_font_size=\u00a0\u00bb45px\u00a0\u00bb background_color=\u00a0\u00bbrgba(0,66,58,0.74)\u00a0\u00bb background_enable_color=\u00a0\u00bbon\u00a0\u00bb background_image=\u00a0\u00bbhttps:\/\/asso-adjd.fr\/wp-content\/uploads\/2023\/07\/PHOTO-FETE-QUARTIERS-MONT-BLANC-1280&#215;958-1.jpg\u00a0\u00bb background_enable_image=\u00a0\u00bbon\u00a0\u00bb custom_padding=\u00a0\u00bb100px||||false|false\u00a0\u00bb header_text_shadow_style=\u00a0\u00bbpreset4&Prime; header_text_shadow_color=\u00a0\u00bb#8300e9&Prime;][\/et_pb_slide][et_pb_slide heading=\u00a0\u00bbUN ENGAGEMENT SOLIDAIRE ET CITOYEN\u00a0\u00bb button_text=\u00a0\u00bbVOIR PLUS\u00a0\u00bb button_link=\u00a0\u00bb#lien3&Prime; _builder_version=\u00a0\u00bb4.5.5&Prime; _module_preset=\u00a0\u00bbdefault\u00a0\u00bb header_text_color=\u00a0\u00bb#ffffff\u00a0\u00bb header_font_size=\u00a0\u00bb40px\u00a0\u00bb background_color=\u00a0\u00bbrgba(0,66,58,0.74)\u00a0\u00bb background_enable_color=\u00a0\u00bbon\u00a0\u00bb background_image=\u00a0\u00bbhttps:\/\/asso-adjd.fr\/wp-content\/uploads\/2023\/07\/IMG_20210410_143021867.jpg\u00a0\u00bb background_enable_image=\u00a0\u00bbon\u00a0\u00bb custom_padding=\u00a0\u00bb100px||||false|false\u00a0\u00bb header_text_shadow_style=\u00a0\u00bbpreset4&Prime; header_text_shadow_color=\u00a0\u00bb#032b35&Prime;][\/et_pb_slide][et_pb_slide heading=\u00a0\u00bbSOLIDARIT\u00c9 INTERNATIONALE\u00a0\u00bb button_text=\u00a0\u00bbVOIR PLUS\u00a0\u00bb button_link=\u00a0\u00bb#lien2&Prime; _builder_version=\u00a0\u00bb4.5.5&Prime; _module_preset=\u00a0\u00bbdefault\u00a0\u00bb header_font_size=\u00a0\u00bb32px\u00a0\u00bb background_color=\u00a0\u00bbrgba(0,66,58,0.74)\u00a0\u00bb background_enable_color=\u00a0\u00bbon\u00a0\u00bb background_image=\u00a0\u00bbhttps:\/\/asso-adjd.fr\/wp-content\/uploads\/2023\/07\/168319983_3797017287050570_1209489435109858721_n-1080&#215;640-1.jpg\u00a0\u00bb background_enable_image=\u00a0\u00bbon\u00a0\u00bb custom_padding=\u00a0\u00bb90px||||false|false\u00a0\u00bb header_text_shadow_style=\u00a0\u00bbpreset4&Prime; header_text_shadow_color=\u00a0\u00bb#e06100&Prime;][\/et_pb_slide][\/et_pb_fullwidth_slider][\/et_pb_section][et_pb_section fb_built=\u00a0\u00bb1&Prime; module_id=\u00a0\u00bbannimation\u00a0\u00bb _builder_version=\u00a0\u00bb4.5.5&Prime; _module_preset=\u00a0\u00bbdefault\u00a0\u00bb][et_pb_row disabled_on=\u00a0\u00bbon|off|off\u00a0\u00bb _builder_version=\u00a0\u00bb4.5.5&Prime; _module_preset=\u00a0\u00bbdefault\u00a0\u00bb][et_pb_column type=\u00a0\u00bb4_4&Prime; _builder_version=\u00a0\u00bb4.5.5&Prime; _module_preset=\u00a0\u00bbdefault\u00a0\u00bb][et_pb_image src=\u00a0\u00bbhttps:\/\/asso-adjd.fr\/wp-content\/uploads\/2023\/07\/IMG_20210729_190747790-1080&#215;810-1.jpg\u00a0\u00bb title_text=\u00a0\u00bbIMG_20210729_190747790-1080&#215;810&Prime; align=\u00a0\u00bbcenter\u00a0\u00bb _builder_version=\u00a0\u00bb4.5.5&Prime; _module_preset=\u00a0\u00bbdefault\u00a0\u00bb height=\u00a0\u00bb489px\u00a0\u00bb animation_style=\u00a0\u00bbfade\u00a0\u00bb transform_styles__hover_enabled=\u00a0\u00bbon|hover\u00a0\u00bb transform_scale__hover_enabled=\u00a0\u00bbon|hover\u00a0\u00bb transform_translate__hover_enabled=\u00a0\u00bbon|desktop\u00a0\u00bb transform_rotate__hover_enabled=\u00a0\u00bbon|desktop\u00a0\u00bb transform_skew__hover_enabled=\u00a0\u00bbon|desktop\u00a0\u00bb transform_origin__hover_enabled=\u00a0\u00bbon|desktop\u00a0\u00bb transform_scale__hover=\u00a0\u00bb104%|104%\u00a0\u00bb][\/et_pb_image][et_pb_text module_id=\u00a0\u00bbannimation\u00a0\u00bb _builder_version=\u00a0\u00bb4.5.5&Prime; _module_preset=\u00a0\u00bbdefault\u00a0\u00bb text_font=\u00a0\u00bbAcme||||||||\u00a0\u00bb text_text_color=\u00a0\u00bb#0c71c3&Prime; text_font_size=\u00a0\u00bb40px\u00a0\u00bb text_line_height=\u00a0\u00bb0.5em\u00a0\u00bb text_orientation=\u00a0\u00bbcenter\u00a0\u00bb]<\/p>\n<p>ANNIMATION LUDIQUES, SPORTIVES ET SORTIES CULTURELLES<\/p>\n<p>[\/et_pb_text][et_pb_text _builder_version=\u00a0\u00bb4.5.5&Prime; _module_preset=\u00a0\u00bbdefault\u00a0\u00bb text_font=\u00a0\u00bbAcme||||||||\u00a0\u00bb text_text_color=\u00a0\u00bb#474747&Prime; text_font_size=\u00a0\u00bb40px\u00a0\u00bb text_line_height=\u00a0\u00bb0.5em\u00a0\u00bb text_orientation=\u00a0\u00bbcenter\u00a0\u00bb]<\/p>\n<p>Annimation de Quartier<\/p>\n<p>[\/et_pb_text][\/et_pb_column][\/et_pb_row][et_pb_row disabled_on=\u00a0\u00bboff|on|on\u00a0\u00bb module_id=\u00a0\u00bblien1&Prime; _builder_version=\u00a0\u00bb4.5.5&Prime; _module_preset=\u00a0\u00bbdefault\u00a0\u00bb][et_pb_column type=\u00a0\u00bb4_4&Prime; _builder_version=\u00a0\u00bb4.5.5&Prime; _module_preset=\u00a0\u00bbdefault\u00a0\u00bb][et_pb_image src=\u00a0\u00bbhttps:\/\/asso-adjd.fr\/wp-content\/uploads\/2023\/07\/IMG_20210729_190747790-1080&#215;810-1.jpg\u00a0\u00bb title_text=\u00a0\u00bbIMG_20210729_190747790-1080&#215;810&Prime; align=\u00a0\u00bbcenter\u00a0\u00bb _builder_version=\u00a0\u00bb4.5.5&Prime; _module_preset=\u00a0\u00bbdefault\u00a0\u00bb animation_style=\u00a0\u00bbfade\u00a0\u00bb transform_styles__hover_enabled=\u00a0\u00bbon|hover\u00a0\u00bb transform_scale__hover_enabled=\u00a0\u00bbon|hover\u00a0\u00bb transform_translate__hover_enabled=\u00a0\u00bbon|desktop\u00a0\u00bb transform_rotate__hover_enabled=\u00a0\u00bbon|desktop\u00a0\u00bb transform_skew__hover_enabled=\u00a0\u00bbon|desktop\u00a0\u00bb transform_origin__hover_enabled=\u00a0\u00bbon|desktop\u00a0\u00bb transform_scale__hover=\u00a0\u00bb104%|104%\u00a0\u00bb][\/et_pb_image][et_pb_text module_id=\u00a0\u00bbannimation\u00a0\u00bb _builder_version=\u00a0\u00bb4.5.5&Prime; _module_preset=\u00a0\u00bbdefault\u00a0\u00bb text_font=\u00a0\u00bbAcme||||||||\u00a0\u00bb text_text_color=\u00a0\u00bb#0c71c3&Prime; text_font_size=\u00a0\u00bb22px\u00a0\u00bb text_line_height=\u00a0\u00bb1.4em\u00a0\u00bb text_orientation=\u00a0\u00bbcenter\u00a0\u00bb]<\/p>\n<p>ANNIMATION LUDIQUES, SPORTIVES ET SORTIES CULTURELLES<\/p>\n<p>[\/et_pb_text][\/et_pb_column][\/et_pb_row][et_pb_row module_id=\u00a0\u00bbannim\u00a0\u00bb _builder_version=\u00a0\u00bb4.5.5&Prime; _module_preset=\u00a0\u00bbdefault\u00a0\u00bb][et_pb_column type=\u00a0\u00bb4_4&Prime; _builder_version=\u00a0\u00bb4.5.5&Prime; _module_preset=\u00a0\u00bbdefault\u00a0\u00bb][et_pb_text _builder_version=\u00a0\u00bb4.5.5&Prime; _module_preset=\u00a0\u00bbdefault\u00a0\u00bb text_font=\u00a0\u00bbMontserrat||||||||\u00a0\u00bb text_font_size=\u00a0\u00bb15px\u00a0\u00bb text_line_height=\u00a0\u00bb1.8em\u00a0\u00bb text_orientation=\u00a0\u00bbjustified\u00a0\u00bb custom_margin=\u00a0\u00bb-45px||||false|false\u00a0\u00bb]<\/p>\n<p>Durant la p\u00e9riode scolaire, ADJD organise les apr\u00e8s-midis ludiques pour les 3-10 ans au plateau sportif des Alagniers au 5 rue Boileau \u00e0 Rillieux-la-Pape<br \/> _ Notre \u00e9quipe porte r\u00e9guli\u00e8rement des animations ludiques \u00e0 destination des 3-12 ans dans les quartiers populaires de Rillieux-la-Pape<br \/> _ Des sorties culturelles sont r\u00e9alis\u00e9es pour d\u00e9velopper l\u2019\u00e9panouissement des jeunes de 16 \u00e0 20 ans durant les vacances scolaires<br \/> _ Un accompagnement individualis\u00e9 d\u2019insertion est port\u00e9 par ADJD \u00e0 l\u2019endroit des jeunes sans activit\u00e9 qui recherche une \u00e9cole, un stage ou un emploi<\/p>\n<p>[\/et_pb_text][\/et_pb_column][\/et_pb_row][et_pb_row _builder_version=\u00a0\u00bb4.5.5&Prime; _module_preset=\u00a0\u00bbdefault\u00a0\u00bb][et_pb_column type=\u00a0\u00bb4_4&Prime; _builder_version=\u00a0\u00bb4.5.5&Prime; _module_preset=\u00a0\u00bbdefault\u00a0\u00bb][et_pb_image src=\u00a0\u00bbhttps:\/\/asso-adjd.fr\/wp-content\/uploads\/2023\/07\/2-4-1080&#215;695-1.jpg\u00a0\u00bb title_text=\u00a0\u00bb2-4-1080&#215;695&Prime; align=\u00a0\u00bbcenter\u00a0\u00bb _builder_version=\u00a0\u00bb4.5.5&Prime; _module_preset=\u00a0\u00bbdefault\u00a0\u00bb max_height=\u00a0\u00bb550px\u00a0\u00bb][\/et_pb_image][\/et_pb_column][\/et_pb_row][et_pb_row disabled_on=\u00a0\u00bbon|off|off\u00a0\u00bb _builder_version=\u00a0\u00bb4.5.5&Prime; _module_preset=\u00a0\u00bbdefault\u00a0\u00bb background_color=\u00a0\u00bb#004c35&Prime;][et_pb_column type=\u00a0\u00bb4_4&Prime; _builder_version=\u00a0\u00bb4.5.5&Prime; _module_preset=\u00a0\u00bbdefault\u00a0\u00bb][et_pb_gallery gallery_ids=\u00a0\u00bb352,349,354,353,356&Prime; _builder_version=\u00a0\u00bb4.5.5&Prime; _module_preset=\u00a0\u00bbdefault\u00a0\u00bb title_font=\u00a0\u00bbAcme||||||||\u00a0\u00bb title_text_align=\u00a0\u00bbcenter\u00a0\u00bb title_text_color=\u00a0\u00bb#e09900&Prime; title_font_size=\u00a0\u00bb20px\u00a0\u00bb custom_margin=\u00a0\u00bb|25px||25px|false|true\u00a0\u00bb border_radii_image=\u00a0\u00bbon|8px|8px|8px|8px\u00a0\u00bb][\/et_pb_gallery][\/et_pb_column][\/et_pb_row][\/et_pb_section][et_pb_section fb_built=\u00a0\u00bb1&Prime; disabled_on=\u00a0\u00bbon|off|off\u00a0\u00bb module_id=\u00a0\u00bbsolidarit\u00e9\u00a0\u00bb _builder_version=\u00a0\u00bb4.5.5&Prime; _module_preset=\u00a0\u00bbdefault\u00a0\u00bb background_color=\u00a0\u00bb#12876f\u00a0\u00bb][et_pb_row _builder_version=\u00a0\u00bb4.5.5&Prime; _module_preset=\u00a0\u00bbdefault\u00a0\u00bb][et_pb_column type=\u00a0\u00bb4_4&Prime; _builder_version=\u00a0\u00bb4.5.5&Prime; _module_preset=\u00a0\u00bbdefault\u00a0\u00bb][et_pb_image src=\u00a0\u00bbhttps:\/\/asso-adjd.fr\/wp-content\/uploads\/2023\/07\/2-4-1080&#215;675-1.jpg\u00a0\u00bb title_text=\u00a0\u00bbProjet de Kapou\u00a0\u00bb align=\u00a0\u00bbcenter\u00a0\u00bb _builder_version=\u00a0\u00bb4.5.5&Prime; _module_preset=\u00a0\u00bbdefault\u00a0\u00bb transform_scale=\u00a0\u00bb103%|103%\u00a0\u00bb height=\u00a0\u00bb450px\u00a0\u00bb animation_style=\u00a0\u00bbzoom\u00a0\u00bb transform_styles__hover_enabled=\u00a0\u00bbon|hover\u00a0\u00bb transform_scale__hover_enabled=\u00a0\u00bbon|hover\u00a0\u00bb transform_translate__hover_enabled=\u00a0\u00bbon|desktop\u00a0\u00bb transform_rotate__hover_enabled=\u00a0\u00bbon|desktop\u00a0\u00bb transform_skew__hover_enabled=\u00a0\u00bbon|desktop\u00a0\u00bb transform_origin__hover_enabled=\u00a0\u00bbon|desktop\u00a0\u00bb transform_scale__hover=\u00a0\u00bb104%|104%\u00a0\u00bb][\/et_pb_image][et_pb_text _builder_version=\u00a0\u00bb4.5.5&Prime; _module_preset=\u00a0\u00bbdefault\u00a0\u00bb text_font=\u00a0\u00bbAcme||||||||\u00a0\u00bb text_text_color=\u00a0\u00bb#edf000&Prime; text_font_size=\u00a0\u00bb40px\u00a0\u00bb text_line_height=\u00a0\u00bb0.5em\u00a0\u00bb text_orientation=\u00a0\u00bbcenter\u00a0\u00bb]<\/p>\n<p>SOLIDARIT\u00c9 INTERNATIONALE<\/p>\n<p>[\/et_pb_text][et_pb_text _builder_version=\u00a0\u00bb4.5.5&Prime; _module_preset=\u00a0\u00bbdefault\u00a0\u00bb text_font=\u00a0\u00bbAcme||||||||\u00a0\u00bb text_text_color=\u00a0\u00bb#ffffff\u00a0\u00bb text_font_size=\u00a0\u00bb40px\u00a0\u00bb text_line_height=\u00a0\u00bb0.5em\u00a0\u00bb text_orientation=\u00a0\u00bbcenter\u00a0\u00bb]<\/p>\n<p>Insertion des jeunes femmes par la fabrication du savon<\/p>\n<p>[\/et_pb_text][\/et_pb_column][\/et_pb_row][et_pb_row _builder_version=\u00a0\u00bb4.5.5&Prime; _module_preset=\u00a0\u00bbdefault\u00a0\u00bb][et_pb_column type=\u00a0\u00bb4_4&Prime; _builder_version=\u00a0\u00bb4.5.5&Prime; _module_preset=\u00a0\u00bbdefault\u00a0\u00bb][et_pb_text _builder_version=\u00a0\u00bb4.5.5&Prime; _module_preset=\u00a0\u00bbdefault\u00a0\u00bb text_font=\u00a0\u00bbMontserrat||||||||\u00a0\u00bb text_text_color=\u00a0\u00bb#ffffff\u00a0\u00bb text_font_size=\u00a0\u00bb16px\u00a0\u00bb text_line_height=\u00a0\u00bb1.8em\u00a0\u00bb text_orientation=\u00a0\u00bbjustified\u00a0\u00bb]<\/p>\n<p>Dans le village de Kapou situ\u00e9 \u00e0 37 km de Bangui sur la route de Mba\u00efki au sud, notre \u00e9quipe a form\u00e9 40 femmes d\u00e9munies 18-25 ans dans la fabrication du savon artisanal et le commerce de ce produit. A l\u2019issue de la formation, ces femmes ont \u00e9t\u00e9 accompagn\u00e9es avec des coup de pouce, mati\u00e8res premi\u00e8res et appareils. Ainsi en groupement, les femmes s\u2019organisent, fabriquent et vendent les savons. Les b\u00e9n\u00e9fices d\u00e9gag\u00e9s leur permettent de se prendre en charge et de mettre une petite partie de c\u00f4t\u00e9 pour d\u00e9velopper et p\u00e9renniser le projet.<\/p>\n<p>[\/et_pb_text][\/et_pb_column][\/et_pb_row][et_pb_row _builder_version=\u00a0\u00bb4.5.5&Prime; _module_preset=\u00a0\u00bbdefault\u00a0\u00bb][et_pb_column type=\u00a0\u00bb4_4&Prime; _builder_version=\u00a0\u00bb4.5.5&Prime; _module_preset=\u00a0\u00bbdefault\u00a0\u00bb][et_pb_image src=\u00a0\u00bbhttps:\/\/asso-adjd.fr\/wp-content\/uploads\/2023\/07\/2-4-1080&#215;695-1.jpg\u00a0\u00bb title_text=\u00a0\u00bb2-4-1080&#215;695&Prime; align=\u00a0\u00bbcenter\u00a0\u00bb _builder_version=\u00a0\u00bb4.5.5&Prime; _module_preset=\u00a0\u00bbdefault\u00a0\u00bb max_height=\u00a0\u00bb550px\u00a0\u00bb][\/et_pb_image][\/et_pb_column][\/et_pb_row][et_pb_row disabled_on=\u00a0\u00bboff|off|off\u00a0\u00bb _builder_version=\u00a0\u00bb4.5.5&Prime; _module_preset=\u00a0\u00bbdefault\u00a0\u00bb background_color=\u00a0\u00bb#004c35&Prime;][et_pb_column type=\u00a0\u00bb4_4&Prime; _builder_version=\u00a0\u00bb4.5.5&Prime; _module_preset=\u00a0\u00bbdefault\u00a0\u00bb][et_pb_gallery gallery_ids=\u00a0\u00bb308,309,307,310&Prime; _builder_version=\u00a0\u00bb4.5.5&Prime; _module_preset=\u00a0\u00bbdefault\u00a0\u00bb title_font=\u00a0\u00bbAcme||||||||\u00a0\u00bb title_text_align=\u00a0\u00bbcenter\u00a0\u00bb title_text_color=\u00a0\u00bb#e09900&Prime; title_font_size=\u00a0\u00bb20px\u00a0\u00bb custom_margin=\u00a0\u00bb|25px||25px|false|true\u00a0\u00bb border_radii_image=\u00a0\u00bbon|8px|8px|8px|8px\u00a0\u00bb][\/et_pb_gallery][\/et_pb_column][\/et_pb_row][\/et_pb_section][et_pb_section fb_built=\u00a0\u00bb1&Prime; disabled_on=\u00a0\u00bboff|on|on\u00a0\u00bb module_id=\u00a0\u00bblien2&Prime; _builder_version=\u00a0\u00bb4.5.5&Prime; _module_preset=\u00a0\u00bbdefault\u00a0\u00bb background_color=\u00a0\u00bb#12876f\u00a0\u00bb][et_pb_row _builder_version=\u00a0\u00bb4.5.5&Prime; _module_preset=\u00a0\u00bbdefault\u00a0\u00bb][et_pb_column type=\u00a0\u00bb4_4&Prime; _builder_version=\u00a0\u00bb4.5.5&Prime; _module_preset=\u00a0\u00bbdefault\u00a0\u00bb][et_pb_image src=\u00a0\u00bbhttps:\/\/asso-adjd.fr\/wp-content\/uploads\/2023\/07\/2-4-1080&#215;675-1.jpg\u00a0\u00bb title_text=\u00a0\u00bbProjet de Kapou\u00a0\u00bb align=\u00a0\u00bbcenter\u00a0\u00bb _builder_version=\u00a0\u00bb4.5.5&Prime; _module_preset=\u00a0\u00bbdefault\u00a0\u00bb transform_scale=\u00a0\u00bb103%|103%\u00a0\u00bb animation_style=\u00a0\u00bbzoom\u00a0\u00bb transform_styles__hover_enabled=\u00a0\u00bbon|desktop\u00a0\u00bb transform_scale__hover_enabled=\u00a0\u00bbon|desktop\u00a0\u00bb transform_translate__hover_enabled=\u00a0\u00bbon|desktop\u00a0\u00bb transform_rotate__hover_enabled=\u00a0\u00bbon|desktop\u00a0\u00bb transform_skew__hover_enabled=\u00a0\u00bbon|desktop\u00a0\u00bb transform_origin__hover_enabled=\u00a0\u00bbon|desktop\u00a0\u00bb][\/et_pb_image][et_pb_text _builder_version=\u00a0\u00bb4.5.5&Prime; _module_preset=\u00a0\u00bbdefault\u00a0\u00bb text_font=\u00a0\u00bbAcme||||||||\u00a0\u00bb text_text_color=\u00a0\u00bb#edf000&Prime; text_font_size=\u00a0\u00bb30px\u00a0\u00bb text_line_height=\u00a0\u00bb1.4em\u00a0\u00bb text_orientation=\u00a0\u00bbcenter\u00a0\u00bb]<\/p>\n<p>SOLIDARIT\u00c9 INTERNATIONALE<\/p>\n<p>[\/et_pb_text][et_pb_text _builder_version=\u00a0\u00bb4.5.5&Prime; _module_preset=\u00a0\u00bbdefault\u00a0\u00bb text_font=\u00a0\u00bbAcme||||||||\u00a0\u00bb text_text_color=\u00a0\u00bb#ffffff\u00a0\u00bb text_font_size=\u00a0\u00bb30px\u00a0\u00bb text_line_height=\u00a0\u00bb1.4em\u00a0\u00bb text_orientation=\u00a0\u00bbcenter\u00a0\u00bb custom_margin=\u00a0\u00bb-20px||||false|false\u00a0\u00bb]<\/p>\n<p>Insertion des jeunes femmes par la fabrication du savon<\/p>\n<p>[\/et_pb_text][\/et_pb_column][\/et_pb_row][et_pb_row _builder_version=\u00a0\u00bb4.5.5&Prime; _module_preset=\u00a0\u00bbdefault\u00a0\u00bb][et_pb_column type=\u00a0\u00bb4_4&Prime; _builder_version=\u00a0\u00bb4.5.5&Prime; _module_preset=\u00a0\u00bbdefault\u00a0\u00bb][et_pb_text _builder_version=\u00a0\u00bb4.5.5&Prime; _module_preset=\u00a0\u00bbdefault\u00a0\u00bb text_font=\u00a0\u00bbMontserrat||||||||\u00a0\u00bb text_text_color=\u00a0\u00bb#ffffff\u00a0\u00bb text_font_size=\u00a0\u00bb16px\u00a0\u00bb text_line_height=\u00a0\u00bb1.8em\u00a0\u00bb text_orientation=\u00a0\u00bbjustified\u00a0\u00bb custom_margin=\u00a0\u00bb-45px||||false|false\u00a0\u00bb]<\/p>\n<p>Dans le village de Kapou situ\u00e9 \u00e0 37 km de Bangui sur la route de Mba\u00efki au sud, notre \u00e9quipe a form\u00e9 40 femmes d\u00e9munies 18-25 ans dans la fabrication du savon artisanal et le commerce de ce produit. A l\u2019issue de la formation, ces femmes ont \u00e9t\u00e9 accompagn\u00e9es avec des coup de pouce, mati\u00e8res premi\u00e8res et appareils. Ainsi en groupement, les femmes s\u2019organisent, fabriquent et vendent les savons. Les b\u00e9n\u00e9fices d\u00e9gag\u00e9s leur permettent de se prendre en charge et de mettre une petite partie de c\u00f4t\u00e9 pour d\u00e9velopper et p\u00e9renniser le projet.<\/p>\n<p>[\/et_pb_text][\/et_pb_column][\/et_pb_row][\/et_pb_section][et_pb_section fb_built=\u00a0\u00bb1&Prime; _builder_version=\u00a0\u00bb4.5.5&Prime; _module_preset=\u00a0\u00bbdefault\u00a0\u00bb][et_pb_row column_structure=\u00a0\u00bb1_2,1_2&Prime; _builder_version=\u00a0\u00bb4.5.5&Prime; _module_preset=\u00a0\u00bbdefault\u00a0\u00bb][et_pb_column type=\u00a0\u00bb1_2&Prime; _builder_version=\u00a0\u00bb4.5.5&Prime; _module_preset=\u00a0\u00bbdefault\u00a0\u00bb][et_pb_image src=\u00a0\u00bbhttps:\/\/asso-adjd.fr\/wp-content\/uploads\/2023\/09\/ecologie.png\u00a0\u00bb title_text=\u00a0\u00bbecologie\u00a0\u00bb _builder_version=\u00a0\u00bb4.5.5&Prime; _module_preset=\u00a0\u00bbdefault\u00a0\u00bb animation_style=\u00a0\u00bbslide\u00a0\u00bb transform_styles__hover_enabled=\u00a0\u00bbon|hover\u00a0\u00bb transform_scale__hover_enabled=\u00a0\u00bbon|hover\u00a0\u00bb transform_translate__hover_enabled=\u00a0\u00bbon|desktop\u00a0\u00bb transform_rotate__hover_enabled=\u00a0\u00bbon|desktop\u00a0\u00bb transform_skew__hover_enabled=\u00a0\u00bbon|desktop\u00a0\u00bb transform_origin__hover_enabled=\u00a0\u00bbon|desktop\u00a0\u00bb transform_scale__hover=\u00a0\u00bb104%|104%\u00a0\u00bb][\/et_pb_image][\/et_pb_column][et_pb_column type=\u00a0\u00bb1_2&Prime; _builder_version=\u00a0\u00bb4.5.5&Prime; _module_preset=\u00a0\u00bbdefault\u00a0\u00bb][et_pb_image src=\u00a0\u00bbhttps:\/\/asso-adjd.fr\/wp-content\/uploads\/2023\/10\/agri.png\u00a0\u00bb title_text=\u00a0\u00bbagri\u00a0\u00bb _builder_version=\u00a0\u00bb4.5.5&Prime; _module_preset=\u00a0\u00bbdefault\u00a0\u00bb height=\u00a0\u00bb250px\u00a0\u00bb animation_style=\u00a0\u00bbslide\u00a0\u00bb transform_styles__hover_enabled=\u00a0\u00bbon|hover\u00a0\u00bb transform_scale__hover_enabled=\u00a0\u00bbon|hover\u00a0\u00bb transform_translate__hover_enabled=\u00a0\u00bbon|desktop\u00a0\u00bb transform_rotate__hover_enabled=\u00a0\u00bbon|desktop\u00a0\u00bb transform_skew__hover_enabled=\u00a0\u00bbon|desktop\u00a0\u00bb transform_origin__hover_enabled=\u00a0\u00bbon|desktop\u00a0\u00bb transform_scale__hover=\u00a0\u00bb104%|104%\u00a0\u00bb][\/et_pb_image][\/et_pb_column][\/et_pb_row][et_pb_row _builder_version=\u00a0\u00bb4.5.5&Prime; _module_preset=\u00a0\u00bbdefault\u00a0\u00bb][et_pb_column type=\u00a0\u00bb4_4&Prime; _builder_version=\u00a0\u00bb4.5.5&Prime; _module_preset=\u00a0\u00bbdefault\u00a0\u00bb][et_pb_text _builder_version=\u00a0\u00bb4.5.5&Prime; _module_preset=\u00a0\u00bbdefault\u00a0\u00bb text_font=\u00a0\u00bbAcme||||||||\u00a0\u00bb text_text_color=\u00a0\u00bb#474747&Prime; text_font_size=\u00a0\u00bb40px\u00a0\u00bb text_line_height=\u00a0\u00bb1.5em\u00a0\u00bb text_orientation=\u00a0\u00bbcenter\u00a0\u00bb]<\/p>\n<p>Ecologie et \u00e9conomie locale<\/p>\n<p>[\/et_pb_text][et_pb_text _builder_version=\u00a0\u00bb4.5.5&Prime; _module_preset=\u00a0\u00bbdefault\u00a0\u00bb text_font=\u00a0\u00bbMontserrat||||||||\u00a0\u00bb text_font_size=\u00a0\u00bb16px\u00a0\u00bb text_line_height=\u00a0\u00bb1.8em\u00a0\u00bb text_orientation=\u00a0\u00bbjustified\u00a0\u00bb]<\/p>\n<p>Toujours dans le village de Kapou, notre \u00e9quipe a plant\u00e9 5000 arbres fruitiers (manguiers, citronniers, pamplemoussiers, orangers et mandariniers. L\u2019id\u00e9e est d\u2019avoir des arbres pour favoriser l\u2019\u00e9cologie, aussi de d\u00e9velopper l\u2019\u00e9conomie locale, car quand les arbres seront grands, ils produiront des fruits. Les villageois pour en consommer et aussi vendre pour avoir des revenus.<\/p>\n<p>[\/et_pb_text][\/et_pb_column][\/et_pb_row][et_pb_row _builder_version=\u00a0\u00bb4.5.5&Prime; _module_preset=\u00a0\u00bbdefault\u00a0\u00bb][et_pb_column type=\u00a0\u00bb4_4&Prime; _builder_version=\u00a0\u00bb4.5.5&Prime; _module_preset=\u00a0\u00bbdefault\u00a0\u00bb][et_pb_image src=\u00a0\u00bbhttps:\/\/asso-adjd.fr\/wp-content\/uploads\/2023\/07\/2-4-1080&#215;695-1.jpg\u00a0\u00bb title_text=\u00a0\u00bb2-4-1080&#215;695&Prime; align=\u00a0\u00bbcenter\u00a0\u00bb _builder_version=\u00a0\u00bb4.5.5&Prime; _module_preset=\u00a0\u00bbdefault\u00a0\u00bb max_height=\u00a0\u00bb550px\u00a0\u00bb][\/et_pb_image][\/et_pb_column][\/et_pb_row][\/et_pb_section][et_pb_section fb_built=\u00a0\u00bb1&Prime; disabled_on=\u00a0\u00bbon|off|off\u00a0\u00bb module_id=\u00a0\u00bbengagement\u00a0\u00bb _builder_version=\u00a0\u00bb4.5.5&Prime; _module_preset=\u00a0\u00bbdefault\u00a0\u00bb background_color=\u00a0\u00bb#12876f\u00a0\u00bb][et_pb_row _builder_version=\u00a0\u00bb4.5.5&Prime; _module_preset=\u00a0\u00bbdefault\u00a0\u00bb][et_pb_column type=\u00a0\u00bb4_4&Prime; _builder_version=\u00a0\u00bb4.5.5&Prime; _module_preset=\u00a0\u00bbdefault\u00a0\u00bb][et_pb_image src=\u00a0\u00bbhttps:\/\/asso-adjd.fr\/wp-content\/uploads\/2023\/10\/Police.png\u00a0\u00bb title_text=\u00a0\u00bbPolice\u00a0\u00bb align=\u00a0\u00bbcenter\u00a0\u00bb _builder_version=\u00a0\u00bb4.5.5&Prime; _module_preset=\u00a0\u00bbdefault\u00a0\u00bb height=\u00a0\u00bb450px\u00a0\u00bb transform_styles__hover_enabled=\u00a0\u00bbon|hover\u00a0\u00bb transform_scale__hover_enabled=\u00a0\u00bbon|hover\u00a0\u00bb transform_translate__hover_enabled=\u00a0\u00bbon|desktop\u00a0\u00bb transform_rotate__hover_enabled=\u00a0\u00bbon|desktop\u00a0\u00bb transform_skew__hover_enabled=\u00a0\u00bbon|desktop\u00a0\u00bb transform_origin__hover_enabled=\u00a0\u00bbon|desktop\u00a0\u00bb transform_scale__hover=\u00a0\u00bb104%|104%\u00a0\u00bb][\/et_pb_image][et_pb_text _builder_version=\u00a0\u00bb4.5.5&Prime; _module_preset=\u00a0\u00bbdefault\u00a0\u00bb text_font=\u00a0\u00bbAcme||||||||\u00a0\u00bb text_text_color=\u00a0\u00bb#edf000&Prime; text_font_size=\u00a0\u00bb40px\u00a0\u00bb text_line_height=\u00a0\u00bb0.5em\u00a0\u00bb text_orientation=\u00a0\u00bbcenter\u00a0\u00bb]<\/p>\n<p>UN ENGAGEMENT SOLIDAIRE ET CITOYEN<\/p>\n<p>[\/et_pb_text][et_pb_text _builder_version=\u00a0\u00bb4.5.5&Prime; _module_preset=\u00a0\u00bbdefault\u00a0\u00bb text_font=\u00a0\u00bbAcme||||||||\u00a0\u00bb text_text_color=\u00a0\u00bb#ffffff\u00a0\u00bb text_font_size=\u00a0\u00bb40px\u00a0\u00bb text_line_height=\u00a0\u00bb0.5em\u00a0\u00bb text_orientation=\u00a0\u00bbcenter\u00a0\u00bb]<\/p>\n<p>Une journ\u00e9e de coh\u00e9sion entre les jeunes et la police<\/p>\n<p>[\/et_pb_text][\/et_pb_column][\/et_pb_row][et_pb_row _builder_version=\u00a0\u00bb4.5.5&Prime; _module_preset=\u00a0\u00bbdefault\u00a0\u00bb][et_pb_column type=\u00a0\u00bb4_4&Prime; _builder_version=\u00a0\u00bb4.5.5&Prime; _module_preset=\u00a0\u00bbdefault\u00a0\u00bb][et_pb_text _builder_version=\u00a0\u00bb4.5.5&Prime; _module_preset=\u00a0\u00bbdefault\u00a0\u00bb text_font=\u00a0\u00bbMontserrat||||||||\u00a0\u00bb text_text_color=\u00a0\u00bb#ffffff\u00a0\u00bb text_font_size=\u00a0\u00bb16px\u00a0\u00bb text_line_height=\u00a0\u00bb1.8em\u00a0\u00bb text_orientation=\u00a0\u00bbjustified\u00a0\u00bb]<\/p>\n<p>Dans le souci pour favoriser la coh\u00e9sion sociale \u00e0 Rillieux-la-Pape, ADJD a organis\u00e9 une journ\u00e9e de rencontre entre les policiers et les jeunes de quartiers populaires. Cela a eu lieu dans la Maison pour tous des Alagniers de 9h \u00e0 16h. Les participants \u00e9taient 40 jeunes de 16 \u00e0 22 ans, la police nationale et la police municipale. Il y avait aussi la d\u00e9l\u00e9gu\u00e9e du pr\u00e9fet, 2 adjoints au maire, 4 m\u00e9diateurs et 4 animateurs d\u2019ADJD. La journ\u00e9e \u00e9tait compos\u00e9e d\u2019exercice brise de glace, petit d\u00e9jeuner, partage du th\u00e8me \u00ab place des jeunes dans la soci\u00e9t\u00e9, place de la police dans la soci\u00e9t\u00e9, la lois \u00bb, d\u00e9jeuner \u00e0 midi, \u00e9change entre les policiers et les jeunes, mise en sc\u00e8ne. La journ\u00e9e a pris fin avec des recommandations.<\/p>\n<p>[\/et_pb_text][\/et_pb_column][\/et_pb_row][et_pb_row _builder_version=\u00a0\u00bb4.5.5&Prime; _module_preset=\u00a0\u00bbdefault\u00a0\u00bb background_color=\u00a0\u00bb#004c35&Prime;][et_pb_column type=\u00a0\u00bb4_4&Prime; _builder_version=\u00a0\u00bb4.5.5&Prime; _module_preset=\u00a0\u00bbdefault\u00a0\u00bb][et_pb_gallery gallery_ids=\u00a0\u00bb707,340,341,343,347,346&Prime; _builder_version=\u00a0\u00bb4.5.5&Prime; _module_preset=\u00a0\u00bbdefault\u00a0\u00bb title_font=\u00a0\u00bbAcme||||||||\u00a0\u00bb title_text_align=\u00a0\u00bbcenter\u00a0\u00bb title_text_color=\u00a0\u00bb#e09900&Prime; title_font_size=\u00a0\u00bb20px\u00a0\u00bb custom_margin=\u00a0\u00bb|25px||25px|false|true\u00a0\u00bb border_radii_image=\u00a0\u00bbon|8px|8px|8px|8px\u00a0\u00bb][\/et_pb_gallery][\/et_pb_column][\/et_pb_row][\/et_pb_section][et_pb_section fb_built=\u00a0\u00bb1&Prime; disabled_on=\u00a0\u00bboff|on|on\u00a0\u00bb module_id=\u00a0\u00bblien3&Prime; _builder_version=\u00a0\u00bb4.5.5&Prime; _module_preset=\u00a0\u00bbdefault\u00a0\u00bb background_color=\u00a0\u00bb#12876f\u00a0\u00bb][et_pb_row _builder_version=\u00a0\u00bb4.5.5&Prime; _module_preset=\u00a0\u00bbdefault\u00a0\u00bb][et_pb_column type=\u00a0\u00bb4_4&Prime; _builder_version=\u00a0\u00bb4.5.5&Prime; _module_preset=\u00a0\u00bbdefault\u00a0\u00bb][et_pb_image src=\u00a0\u00bbhttps:\/\/asso-adjd.fr\/wp-content\/uploads\/2023\/10\/Police.png\u00a0\u00bb title_text=\u00a0\u00bbPolice\u00a0\u00bb align=\u00a0\u00bbcenter\u00a0\u00bb _builder_version=\u00a0\u00bb4.5.5&Prime; _module_preset=\u00a0\u00bbdefault\u00a0\u00bb][\/et_pb_image][et_pb_text _builder_version=\u00a0\u00bb4.5.5&Prime; _module_preset=\u00a0\u00bbdefault\u00a0\u00bb text_font=\u00a0\u00bbAcme||||||||\u00a0\u00bb text_text_color=\u00a0\u00bb#edf000&Prime; text_font_size=\u00a0\u00bb30px\u00a0\u00bb text_line_height=\u00a0\u00bb1.4em\u00a0\u00bb text_orientation=\u00a0\u00bbcenter\u00a0\u00bb]<\/p>\n<p>UN ENGAGEMENT SOLIDAIRE ET CITOYEN<\/p>\n<p>[\/et_pb_text][et_pb_text _builder_version=\u00a0\u00bb4.5.5&Prime; _module_preset=\u00a0\u00bbdefault\u00a0\u00bb text_font=\u00a0\u00bbAcme||||||||\u00a0\u00bb text_text_color=\u00a0\u00bb#ffffff\u00a0\u00bb text_font_size=\u00a0\u00bb30px\u00a0\u00bb text_line_height=\u00a0\u00bb1.4em\u00a0\u00bb text_orientation=\u00a0\u00bbcenter\u00a0\u00bb custom_margin=\u00a0\u00bb-20px||||false|false\u00a0\u00bb]<\/p>\n<p>Une journ\u00e9e de coh\u00e9sion entre les jeunes et la police<\/p>\n<p>[\/et_pb_text][\/et_pb_column][\/et_pb_row][et_pb_row _builder_version=\u00a0\u00bb4.5.5&Prime; _module_preset=\u00a0\u00bbdefault\u00a0\u00bb][et_pb_column type=\u00a0\u00bb4_4&Prime; _builder_version=\u00a0\u00bb4.5.5&Prime; _module_preset=\u00a0\u00bbdefault\u00a0\u00bb][et_pb_text _builder_version=\u00a0\u00bb4.5.5&Prime; _module_preset=\u00a0\u00bbdefault\u00a0\u00bb text_font=\u00a0\u00bbMontserrat||||||||\u00a0\u00bb text_text_color=\u00a0\u00bb#ffffff\u00a0\u00bb text_font_size=\u00a0\u00bb16px\u00a0\u00bb text_line_height=\u00a0\u00bb1.8em\u00a0\u00bb text_orientation=\u00a0\u00bbjustified\u00a0\u00bb custom_margin=\u00a0\u00bb-35px||||false|false\u00a0\u00bb]<\/p>\n<p>Dans le souci pour favoriser la coh\u00e9sion sociale \u00e0 Rillieux-la-Pape, ADJD a organis\u00e9 une journ\u00e9e de rencontre entre les policiers et les jeunes de quartiers populaires. Cela a eu lieu dans la Maison pour tous des Alagniers de 9h \u00e0 16h. Les participants \u00e9taient 40 jeunes de 16 \u00e0 22 ans, la police nationale et la police municipale. Il y avait aussi la d\u00e9l\u00e9gu\u00e9e du pr\u00e9fet, 2 adjoints au maire, 4 m\u00e9diateurs et 4 animateurs d\u2019ADJD. La journ\u00e9e \u00e9tait compos\u00e9e d\u2019exercice brise de glace, petit d\u00e9jeuner, partage du th\u00e8me \u00ab place des jeunes dans la soci\u00e9t\u00e9, place de la police dans la soci\u00e9t\u00e9, la lois \u00bb, d\u00e9jeuner \u00e0 midi, \u00e9change entre les policiers et les jeunes, mise en sc\u00e8ne. La journ\u00e9e a pris fin avec des recommandations.<\/p>\n<p>[\/et_pb_text][\/et_pb_column][\/et_pb_row][\/et_pb_section][et_pb_section fb_built=\u00a0\u00bb1&Prime; _builder_version=\u00a0\u00bb4.5.5&Prime; _module_preset=\u00a0\u00bbdefault\u00a0\u00bb][et_pb_row column_structure=\u00a0\u00bb1_2,1_2&Prime; _builder_version=\u00a0\u00bb4.5.5&Prime; _module_preset=\u00a0\u00bbdefault\u00a0\u00bb][et_pb_column type=\u00a0\u00bb1_2&Prime; _builder_version=\u00a0\u00bb4.5.5&Prime; _module_preset=\u00a0\u00bbdefault\u00a0\u00bb][et_pb_blurb title=\u00a0\u00bbAgir avec nous ou devenir b\u00e9n\u00e9voles\u00a0\u00bb use_icon=\u00a0\u00bbon\u00a0\u00bb font_icon=\u00a0\u00bb%%351%%\u00a0\u00bb icon_color=\u00a0\u00bb#e09900&Prime; _builder_version=\u00a0\u00bb4.5.5&Prime; _module_preset=\u00a0\u00bbdefault\u00a0\u00bb header_font=\u00a0\u00bbAcme||||||||\u00a0\u00bb header_text_align=\u00a0\u00bbcenter\u00a0\u00bb header_font_size=\u00a0\u00bb25px\u00a0\u00bb body_font=\u00a0\u00bbMontserrat||||||||\u00a0\u00bb body_text_align=\u00a0\u00bbjustify\u00a0\u00bb]<\/p>\n<p>Pour les personnes qui habitent \u00e0 Rillieux-la-Pape ou dans les communes voisines, vous pourrez nous contacter pour devenir membre b\u00e9n\u00e9voles et ainsi nous aider dans les activit\u00e9s selon vos disponibilit\u00e9s et selon vos comp\u00e9tences. Il y a de la place pour tout le monde et tout \u00e2ge. Chaque b\u00e9n\u00e9vole est tr\u00e8s\u00a0 important pour nous aider \u00e0 r\u00e9aliser nos projets en France et en Centrafrique.<\/p>\n<p>[\/et_pb_blurb][\/et_pb_column][et_pb_column type=\u00a0\u00bb1_2&Prime; _builder_version=\u00a0\u00bb4.5.5&Prime; _module_preset=\u00a0\u00bbdefault\u00a0\u00bb][et_pb_blurb use_icon=\u00a0\u00bbon\u00a0\u00bb font_icon=\u00a0\u00bb%%266%%\u00a0\u00bb icon_color=\u00a0\u00bb#e09900&Prime; content_max_width=\u00a0\u00bb700px\u00a0\u00bb use_icon_font_size=\u00a0\u00bbon\u00a0\u00bb icon_font_size=\u00a0\u00bb100px\u00a0\u00bb disabled_on=\u00a0\u00bboff|off|off\u00a0\u00bb _builder_version=\u00a0\u00bb4.5.5&Prime; _module_preset=\u00a0\u00bbdefault\u00a0\u00bb animation_style=\u00a0\u00bbbounce\u00a0\u00bb animation_delay=\u00a0\u00bb100ms\u00a0\u00bb animation_repeat=\u00a0\u00bbloop\u00a0\u00bb][\/et_pb_blurb][et_pb_blurb title=\u00a0\u00bbFaire un Don\u00a0\u00bb _builder_version=\u00a0\u00bb4.5.5&Prime; _module_preset=\u00a0\u00bbdefault\u00a0\u00bb header_font=\u00a0\u00bbAcme||||||||\u00a0\u00bb header_text_align=\u00a0\u00bbcenter\u00a0\u00bb header_font_size=\u00a0\u00bb25px\u00a0\u00bb body_font=\u00a0\u00bbMontserrat||||||||\u00a0\u00bb body_text_align=\u00a0\u00bbjustify\u00a0\u00bb custom_margin=\u00a0\u00bb-32px||||false|false\u00a0\u00bb]<\/p>\n<p>Vous pouvez agir avec nous en faisant des dons : mat\u00e9riels ou financiers. Cela va \u00eatre redistribuer au public fragile que nous aidons. Nous vous remercions d\u2019avance. Chaque aide, m\u00eame petite, est utile et va vraiment aider la population que nous accompagnons.<\/p>\n<p>[\/et_pb_blurb][et_pb_button button_url=\u00a0\u00bbhttps:\/\/www.payasso.fr\/adjd\/cotisations\u00a0\u00bb button_text=\u00a0\u00bbFAIRE UN DON\u00a0\u00bb button_alignment=\u00a0\u00bbcenter\u00a0\u00bb _builder_version=\u00a0\u00bb4.5.5&Prime; _module_preset=\u00a0\u00bbdefault\u00a0\u00bb custom_button=\u00a0\u00bbon\u00a0\u00bb button_text_size=\u00a0\u00bb15px\u00a0\u00bb button_text_color=\u00a0\u00bb#ffffff\u00a0\u00bb button_bg_color=\u00a0\u00bb#0c71c3&Prime; button_border_color=\u00a0\u00bbrgba(0,0,0,0)\u00a0\u00bb button_border_radius=\u00a0\u00bb25px\u00a0\u00bb button_icon=\u00a0\u00bb%%257%%\u00a0\u00bb button_icon_color=\u00a0\u00bb#edf000&Prime; button_text_shadow_style=\u00a0\u00bbpreset1&Prime;][\/et_pb_button][\/et_pb_column][\/et_pb_row][\/et_pb_section]<\/p>\n","protected":false},"excerpt":{"rendered":"<p>[et_pb_section fb_built=\u00a0\u00bb1&Prime; fullwidth=\u00a0\u00bbon\u00a0\u00bb disabled_on=\u00a0\u00bbon|off|off\u00a0\u00bb _builder_version=\u00a0\u00bb4.5.5&Prime; _module_preset=\u00a0\u00bbdefault\u00a0\u00bb background_color=\u00a0\u00bb#ffffff\u00a0\u00bb background_enable_image=\u00a0\u00bboff\u00a0\u00bb top_divider_style=\u00a0\u00bbarrow3&Prime; top_divider_color=\u00a0\u00bb#00457a\u00a0\u00bb bottom_divider_style=\u00a0\u00bbarrow3&Prime; bottom_divider_color=\u00a0\u00bb#00457a\u00a0\u00bb][et_pb_fullwidth_slider _builder_version=\u00a0\u00bb4.5.5&Prime; _module_preset=\u00a0\u00bbdefault\u00a0\u00bb header_font=\u00a0\u00bbAcme||||||||\u00a0\u00bb header_text_color=\u00a0\u00bb#ffffff\u00a0\u00bb header_font_size=\u00a0\u00bb75px\u00a0\u00bb max_height=\u00a0\u00bb450px\u00a0\u00bb auto=\u00a0\u00bbon\u00a0\u00bb auto_speed=\u00a0\u00bb4000&Prime;][et_pb_slide heading=\u00a0\u00bbANNIMATION LUDIQUES, SPORTIVES ET SORTIES CULTURELLES\u00a0\u00bb button_text=\u00a0\u00bbVOIR PLUS\u00a0\u00bb button_link=\u00a0\u00bb#annim\u00a0\u00bb _builder_version=\u00a0\u00bb4.5.5&Prime; _module_preset=\u00a0\u00bbdefault\u00a0\u00bb background_color=\u00a0\u00bbrgba(0,66,58,0.74)\u00a0\u00bb background_enable_color=\u00a0\u00bbon\u00a0\u00bb background_image=\u00a0\u00bbhttps:\/\/asso-adjd.fr\/wp-content\/uploads\/2023\/07\/PHOTO-FETE-QUARTIERS-MONT-BLANC-1280&#215;958-1.jpg\u00a0\u00bb background_enable_image=\u00a0\u00bbon\u00a0\u00bb custom_padding=\u00a0\u00bb140px||||false|false\u00a0\u00bb link_option_url=\u00a0\u00bb#annimation\u00a0\u00bb header_text_shadow_style=\u00a0\u00bbpreset4&Prime; header_text_shadow_color=\u00a0\u00bb#8300e9&Prime;][\/et_pb_slide][et_pb_slide heading=\u00a0\u00bbSOLIDARIT\u00c9 INTERNATIONALE :\u00a0\u00bb button_text=\u00a0\u00bbVOIR PLUS\u00a0\u00bb button_link=\u00a0\u00bb#solidarit\u00e9\u00a0\u00bb _builder_version=\u00a0\u00bb4.5.5&Prime; _module_preset=\u00a0\u00bbdefault\u00a0\u00bb background_color=\u00a0\u00bbrgba(0,66,58,0.74)\u00a0\u00bb background_enable_color=\u00a0\u00bbon\u00a0\u00bb background_image=\u00a0\u00bbhttps:\/\/asso-adjd.fr\/wp-content\/uploads\/2023\/07\/168319983_3797017287050570_1209489435109858721_n-1080&#215;640-1.jpg\u00a0\u00bb background_enable_image=\u00a0\u00bbon\u00a0\u00bb custom_padding=\u00a0\u00bb140px||||false|false\u00a0\u00bb header_text_shadow_style=\u00a0\u00bbpreset4&Prime; header_text_shadow_color=\u00a0\u00bb#e06100&Prime;][\/et_pb_slide][et_pb_slide heading=\u00a0\u00bbUN [&hellip;]<\/p>\n","protected":false},"author":1,"featured_media":0,"parent":0,"menu_order":0,"comment_status":"closed","ping_status":"closed","template":"","meta":{"_et_pb_use_builder":"on","_et_pb_old_content":"","_et_gb_content_width":"","footnotes":""},"class_list":["post-89","page","type-page","status-publish","hentry"],"_links":{"self":[{"href":"https:\/\/asso-adjd.fr\/index.php\/wp-json\/wp\/v2\/pages\/89","targetHints":{"allow":["GET"]}}],"collection":[{"href":"https:\/\/asso-adjd.fr\/index.php\/wp-json\/wp\/v2\/pages"}],"about":[{"href":"https:\/\/asso-adjd.fr\/index.php\/wp-json\/wp\/v2\/types\/page"}],"author":[{"embeddable":true,"href":"https:\/\/asso-adjd.fr\/index.php\/wp-json\/wp\/v2\/users\/1"}],"replies":[{"embeddable":true,"href":"https:\/\/asso-adjd.fr\/index.php\/wp-json\/wp\/v2\/comments?post=89"}],"version-history":[{"count":182,"href":"https:\/\/asso-adjd.fr\/index.php\/wp-json\/wp\/v2\/pages\/89\/revisions"}],"predecessor-version":[{"id":1221,"href":"https:\/\/asso-adjd.fr\/index.php\/wp-json\/wp\/v2\/pages\/89\/revisions\/1221"}],"wp:attachment":[{"href":"https:\/\/asso-adjd.fr\/index.php\/wp-json\/wp\/v2\/media?parent=89"}],"curies":[{"name":"wp","href":"https:\/\/api.w.org\/{rel}","templated":true}]}}