{"id":14,"date":"2023-06-30T17:41:31","date_gmt":"2023-06-30T15:41:31","guid":{"rendered":"https:\/\/asso-adjd.fr\/?page_id=14"},"modified":"2023-11-01T14:22:41","modified_gmt":"2023-11-01T13:22:41","slug":"a-propos","status":"publish","type":"page","link":"https:\/\/asso-adjd.fr\/index.php\/a-propos\/","title":{"rendered":"A PROPOS"},"content":{"rendered":"<p>[et_pb_section fb_built=\u00a0\u00bb1&Prime; fullwidth=\u00a0\u00bbon\u00a0\u00bb disabled_on=\u00a0\u00bbon|off|off\u00a0\u00bb _builder_version=\u00a0\u00bb4.5.5&Prime; _module_preset=\u00a0\u00bbdefault\u00a0\u00bb][et_pb_fullwidth_header title=\u00a0\u00bbQUI SOMMES NOUS\u00a0\u00bb text_orientation=\u00a0\u00bbcenter\u00a0\u00bb button_one_text=\u00a0\u00bbRETOUR A L&rsquo;ACCEUIL\u00a0\u00bb button_one_url=\u00a0\u00bbhttps:\/\/asso-adjd.fr\/\u00a0\u00bb title_last_edited=\u00a0\u00bboff|desktop\u00a0\u00bb _builder_version=\u00a0\u00bb4.5.5&Prime; _module_preset=\u00a0\u00bbdefault\u00a0\u00bb title_font=\u00a0\u00bbMontserrat||||||||\u00a0\u00bb title_text_color=\u00a0\u00bb#e09900&Prime; title_font_size=\u00a0\u00bb40px\u00a0\u00bb content_font=\u00a0\u00bbMontserrat||||||||\u00a0\u00bb content_text_align=\u00a0\u00bbjustify\u00a0\u00bb content_text_color=\u00a0\u00bb#ffffff\u00a0\u00bb background_color=\u00a0\u00bb#00470b\u00a0\u00bb custom_button_one=\u00a0\u00bbon\u00a0\u00bb button_one_font=\u00a0\u00bbAcme||||||||\u00a0\u00bb button_one_icon=\u00a0\u00bb%%236%%\u00a0\u00bb]<\/p>\n<p>Organisme agr\u00e9\u00e9e Jeunesse et Education populaire par la pr\u00e9fecture du Rh\u00f4ne, la structure a \u00e9t\u00e9 cr\u00e9\u00e9e en 2008 dans le Rh\u00f4ne en France, initialement dans le but de d\u00e9velopper l\u2019\u00e9ducation et l\u2019insertion sociale des jeunes en R\u00e9publique centrafricaine par le sport et notamment, le tennis de table.<\/p>\n<p>[\/et_pb_fullwidth_header][\/et_pb_section][et_pb_section fb_built=\u00a0\u00bb1&Prime; fullwidth=\u00a0\u00bbon\u00a0\u00bb disabled_on=\u00a0\u00bboff|on|on\u00a0\u00bb _builder_version=\u00a0\u00bb4.5.5&Prime; _module_preset=\u00a0\u00bbdefault\u00a0\u00bb][et_pb_fullwidth_header title=\u00a0\u00bbQUI SOMMES NOUS\u00a0\u00bb text_orientation=\u00a0\u00bbcenter\u00a0\u00bb button_one_text=\u00a0\u00bbRETOUR A L&rsquo;ACCEUIL\u00a0\u00bb button_one_url=\u00a0\u00bbhttps:\/\/asso-adjd.fr\/\u00a0\u00bb title_last_edited=\u00a0\u00bboff|desktop\u00a0\u00bb _builder_version=\u00a0\u00bb4.5.5&Prime; _module_preset=\u00a0\u00bbdefault\u00a0\u00bb title_font=\u00a0\u00bbAcme||||||||\u00a0\u00bb title_text_color=\u00a0\u00bb#e09900&Prime; title_font_size=\u00a0\u00bb35px\u00a0\u00bb content_font=\u00a0\u00bbMontserrat||||||||\u00a0\u00bb content_text_align=\u00a0\u00bbjustify\u00a0\u00bb content_text_color=\u00a0\u00bb#ffffff\u00a0\u00bb background_color=\u00a0\u00bb#00470b\u00a0\u00bb custom_button_one=\u00a0\u00bbon\u00a0\u00bb button_one_font=\u00a0\u00bbAcme||||||||\u00a0\u00bb button_one_icon=\u00a0\u00bb%%236%%\u00a0\u00bb]<\/p>\n<p>Organisme agr\u00e9\u00e9e Jeunesse et Education populaire par la pr\u00e9fecture du Rh\u00f4ne, la structure a \u00e9t\u00e9 cr\u00e9\u00e9e en 2008 dans le Rh\u00f4ne en France.<\/p>\n<p>[\/et_pb_fullwidth_header][\/et_pb_section][et_pb_section fb_built=\u00a0\u00bb1&Prime; _builder_version=\u00a0\u00bb4.5.5&Prime; _module_preset=\u00a0\u00bbdefault\u00a0\u00bb][et_pb_row _builder_version=\u00a0\u00bb4.5.5&Prime; _module_preset=\u00a0\u00bbdefault\u00a0\u00bb][et_pb_column type=\u00a0\u00bb4_4&Prime; _builder_version=\u00a0\u00bb4.5.5&Prime; _module_preset=\u00a0\u00bbdefault\u00a0\u00bb][et_pb_text _builder_version=\u00a0\u00bb4.5.5&Prime; _module_preset=\u00a0\u00bbdefault\u00a0\u00bb text_font=\u00a0\u00bbMontserrat|||on|||||\u00a0\u00bb text_text_color=\u00a0\u00bb#242424&Prime; text_font_size=\u00a0\u00bb35px\u00a0\u00bb]<\/p>\n<p>OBJECT<\/p>\n<p>[\/et_pb_text][et_pb_text _builder_version=\u00a0\u00bb4.5.5&Prime; _module_preset=\u00a0\u00bbdefault\u00a0\u00bb text_font=\u00a0\u00bbMontserrat||||||||\u00a0\u00bb text_text_color=\u00a0\u00bb#474747&Prime; text_font_size=\u00a0\u00bb17px\u00a0\u00bb text_line_height=\u00a0\u00bb1.8em\u00a0\u00bb text_orientation=\u00a0\u00bbjustified\u00a0\u00bb]<\/p>\n<p>L\u2019association veut promouvoir des actions en France et dans les pays en d\u00e9veloppement dans le domaine de l\u2019\u00e9ducation, de la formation et d\u2019actions de d\u00e9veloppement locale et durable. Nous avons pour but de rendre les citoyens acteurs de leur vie et non plus spectateurs en proposant des projets incluant les m\u00e9thodes d\u2019\u00e9ducation populaire afin que notre public puisse faire partie du projet de sa construction \u00e0 sa r\u00e9alisation.<\/p>\n<p>Elle tend \u00e0 les accompagner dans leur insertion socio-professionnelle et veut d\u00e9velopper la convivialit\u00e9 et les valeurs citoyennes de chacun. L\u2019association s\u2019organise autour des valeurs de solidarit\u00e9, partage, convivialit\u00e9, respect mutuel et adelphit\u00e9.<\/p>\n<p>L\u2019association veut \u00e9galement organiser des projets d\u2019appui aux acteurs locaux pour am\u00e9liorer l&rsquo;acc\u00e8s \u00e0 l&rsquo;eau, l&rsquo;assainissement et la maintenance des infrastructures existantes \u00e0 l&rsquo;\u00e9chelle de leur territoire ;<\/p>\n<p> Construire \u00e9ventuellement des syst\u00e8mes d&rsquo;adduction de l&rsquo;eau potable desservant les populations villageoises ;<\/p>\n<p>Cr\u00e9er des r\u00e9servoirs pour alimenter des puits de captage et mise en place de r\u00e9seaux de distribution d\u2019eau potable ;<\/p>\n<p>R\u00e9habiliter des infrastructures d&rsquo;eau potable existantes \u00e0 destination des villageois.<\/p>\n<p>L\u2019association tend \u00e0 garantir l\u2019acc\u00e8s effectif de tous ses adh\u00e9rents aux droits fondamentaux dans les domaines de l\u2019emploi, de l\u2019\u00e9ducation, de la formation, de la culture.<\/p>\n<p>[\/et_pb_text][\/et_pb_column][\/et_pb_row][et_pb_row _builder_version=\u00a0\u00bb4.5.5&Prime; _module_preset=\u00a0\u00bbdefault\u00a0\u00bb][et_pb_column type=\u00a0\u00bb4_4&Prime; _builder_version=\u00a0\u00bb4.5.5&Prime; _module_preset=\u00a0\u00bbdefault\u00a0\u00bb][et_pb_text _builder_version=\u00a0\u00bb4.5.5&Prime; _module_preset=\u00a0\u00bbdefault\u00a0\u00bb text_font=\u00a0\u00bbMontserrat|||on|||||\u00a0\u00bb text_text_color=\u00a0\u00bb#242424&Prime; text_font_size=\u00a0\u00bb35px\u00a0\u00bb]<\/p>\n<p>EQUIPE<\/p>\n<p>[\/et_pb_text][\/et_pb_column][\/et_pb_row][et_pb_row column_structure=\u00a0\u00bb1_4,1_4,1_4,1_4&Prime; _builder_version=\u00a0\u00bb4.5.5&Prime; _module_preset=\u00a0\u00bbdefault\u00a0\u00bb][et_pb_column type=\u00a0\u00bb1_4&Prime; _builder_version=\u00a0\u00bb4.5.5&Prime; _module_preset=\u00a0\u00bbdefault\u00a0\u00bb][et_pb_text _builder_version=\u00a0\u00bb4.5.5&Prime; _module_preset=\u00a0\u00bbdefault\u00a0\u00bb text_font=\u00a0\u00bbMontserrat||||||||\u00a0\u00bb text_font_size=\u00a0\u00bb20px\u00a0\u00bb]<\/p>\n<p>Pr\u00e9sident : F\u00e9lix F<\/p>\n<p>[\/et_pb_text][et_pb_image src=\u00a0\u00bbhttps:\/\/asso-adjd.fr\/wp-content\/uploads\/2023\/11\/IMG_20231101_131333-scaled.jpg\u00a0\u00bb title_text=\u00a0\u00bbIMG_20231101_131333&Prime; _builder_version=\u00a0\u00bb4.5.5&Prime; _module_preset=\u00a0\u00bbdefault\u00a0\u00bb custom_margin=\u00a0\u00bb53px||||false|false\u00a0\u00bb hover_enabled=\u00a0\u00bb0&Prime;][\/et_pb_image][\/et_pb_column][et_pb_column type=\u00a0\u00bb1_4&Prime; _builder_version=\u00a0\u00bb4.5.5&Prime; _module_preset=\u00a0\u00bbdefault\u00a0\u00bb][et_pb_text _builder_version=\u00a0\u00bb4.5.5&Prime; _module_preset=\u00a0\u00bbdefault\u00a0\u00bb text_font=\u00a0\u00bbMontserrat||||||||\u00a0\u00bb text_font_size=\u00a0\u00bb20px\u00a0\u00bb]<\/p>\n<p>Vice-pr\u00e9sident : Jean-Paul Papson K.<\/p>\n<p>[\/et_pb_text][et_pb_image src=\u00a0\u00bbhttps:\/\/asso-adjd.fr\/wp-content\/uploads\/2023\/11\/IMG_20231101_131829-scaled.jpg\u00a0\u00bb title_text=\u00a0\u00bbIMG_20231101_131829&Prime; _builder_version=\u00a0\u00bb4.5.5&Prime; _module_preset=\u00a0\u00bbdefault\u00a0\u00bb max_height=\u00a0\u00bb170px\u00a0\u00bb hover_enabled=\u00a0\u00bb0&Prime;][\/et_pb_image][\/et_pb_column][et_pb_column type=\u00a0\u00bb1_4&Prime; _builder_version=\u00a0\u00bb4.5.5&Prime; _module_preset=\u00a0\u00bbdefault\u00a0\u00bb][et_pb_text _builder_version=\u00a0\u00bb4.5.5&Prime; _module_preset=\u00a0\u00bbdefault\u00a0\u00bb text_font=\u00a0\u00bbMontserrat||||||||\u00a0\u00bb text_font_size=\u00a0\u00bb20px\u00a0\u00bb]<\/p>\n<p>Tr\u00e9sori\u00e8re : Camilia D.<\/p>\n<p>[\/et_pb_text][et_pb_image src=\u00a0\u00bbhttps:\/\/asso-adjd.fr\/wp-content\/uploads\/2023\/10\/Camilia.png\u00a0\u00bb title_text=\u00a0\u00bbCamilia\u00a0\u00bb _builder_version=\u00a0\u00bb4.5.5&Prime; _module_preset=\u00a0\u00bbdefault\u00a0\u00bb custom_margin=\u00a0\u00bb53px||||false|false\u00a0\u00bb][\/et_pb_image][\/et_pb_column][et_pb_column type=\u00a0\u00bb1_4&Prime; _builder_version=\u00a0\u00bb4.5.5&Prime; _module_preset=\u00a0\u00bbdefault\u00a0\u00bb][et_pb_text _builder_version=\u00a0\u00bb4.5.5&Prime; _module_preset=\u00a0\u00bbdefault\u00a0\u00bb text_font=\u00a0\u00bbMontserrat||||||||\u00a0\u00bb text_font_size=\u00a0\u00bb20px\u00a0\u00bb]<\/p>\n<p>Secr\u00e9taire : Clarice S.<\/p>\n<p>[\/et_pb_text][et_pb_image src=\u00a0\u00bbhttps:\/\/asso-adjd.fr\/wp-content\/uploads\/2023\/10\/Clarice.png\u00a0\u00bb title_text=\u00a0\u00bbClarice\u00a0\u00bb _builder_version=\u00a0\u00bb4.5.5&Prime; _module_preset=\u00a0\u00bbdefault\u00a0\u00bb max_height=\u00a0\u00bb169px\u00a0\u00bb custom_margin=\u00a0\u00bb53px||||false|false\u00a0\u00bb][\/et_pb_image][\/et_pb_column][\/et_pb_row][et_pb_row column_structure=\u00a0\u00bb1_4,1_4,1_4,1_4&Prime; _builder_version=\u00a0\u00bb4.5.5&Prime; _module_preset=\u00a0\u00bbdefault\u00a0\u00bb][et_pb_column type=\u00a0\u00bb1_4&Prime; _builder_version=\u00a0\u00bb4.5.5&Prime; _module_preset=\u00a0\u00bbdefault\u00a0\u00bb][et_pb_text _builder_version=\u00a0\u00bb4.5.5&Prime; _module_preset=\u00a0\u00bbdefault\u00a0\u00bb text_font=\u00a0\u00bbMontserrat||||||||\u00a0\u00bb text_font_size=\u00a0\u00bb20px\u00a0\u00bb]<\/p>\n<p>Directeur : Morrel M.<\/p>\n<p>[\/et_pb_text][et_pb_image src=\u00a0\u00bbhttps:\/\/asso-adjd.fr\/wp-content\/uploads\/2023\/11\/IMG_20230922_150433-2-scaled.jpg\u00a0\u00bb title_text=\u00a0\u00bbIMG_20230922_150433 (2)\u00a0\u00bb _builder_version=\u00a0\u00bb4.5.5&Prime; _module_preset=\u00a0\u00bbdefault\u00a0\u00bb custom_margin=\u00a0\u00bb55px||||false|false\u00a0\u00bb][\/et_pb_image][\/et_pb_column][et_pb_column type=\u00a0\u00bb1_4&Prime; _builder_version=\u00a0\u00bb4.5.5&Prime; _module_preset=\u00a0\u00bbdefault\u00a0\u00bb][et_pb_text _builder_version=\u00a0\u00bb4.5.5&Prime; _module_preset=\u00a0\u00bbdefault\u00a0\u00bb text_font=\u00a0\u00bbMontserrat||||||||\u00a0\u00bb text_font_size=\u00a0\u00bb20px\u00a0\u00bb]<\/p>\n<p>Administrateur : Jonathan M.<\/p>\n<p>[\/et_pb_text][et_pb_image src=\u00a0\u00bbhttps:\/\/asso-adjd.fr\/wp-content\/uploads\/2023\/11\/IMG_20231101_132505-scaled.jpg\u00a0\u00bb title_text=\u00a0\u00bbIMG_20231101_132505&Prime; _builder_version=\u00a0\u00bb4.5.5&Prime; _module_preset=\u00a0\u00bbdefault\u00a0\u00bb hover_enabled=\u00a0\u00bb0&Prime;][\/et_pb_image][\/et_pb_column][et_pb_column type=\u00a0\u00bb1_4&Prime; _builder_version=\u00a0\u00bb4.5.5&Prime; _module_preset=\u00a0\u00bbdefault\u00a0\u00bb][et_pb_text _builder_version=\u00a0\u00bb4.5.5&Prime; _module_preset=\u00a0\u00bbdefault\u00a0\u00bb text_font=\u00a0\u00bbMontserrat||||||||\u00a0\u00bb text_font_size=\u00a0\u00bb20px\u00a0\u00bb]<\/p>\n<p>Administratrice : Nasrine H.<\/p>\n<p>[\/et_pb_text][et_pb_image src=\u00a0\u00bbhttps:\/\/asso-adjd.fr\/wp-content\/uploads\/2023\/10\/Nasrine.png\u00a0\u00bb title_text=\u00a0\u00bbNasrine\u00a0\u00bb _builder_version=\u00a0\u00bb4.5.5&Prime; _module_preset=\u00a0\u00bbdefault\u00a0\u00bb][\/et_pb_image][\/et_pb_column][et_pb_column type=\u00a0\u00bb1_4&Prime; _builder_version=\u00a0\u00bb4.5.5&Prime; _module_preset=\u00a0\u00bbdefault\u00a0\u00bb][et_pb_text _builder_version=\u00a0\u00bb4.5.5&Prime; _module_preset=\u00a0\u00bbdefault\u00a0\u00bb text_font=\u00a0\u00bbMontserrat||||||||\u00a0\u00bb text_font_size=\u00a0\u00bb20px\u00a0\u00bb]<\/p>\n<p>Charg\u00e9 de missions : Harold K.<\/p>\n<p>[\/et_pb_text][et_pb_image src=\u00a0\u00bbhttps:\/\/asso-adjd.fr\/wp-content\/uploads\/2023\/10\/Harold.png\u00a0\u00bb title_text=\u00a0\u00bbHarold\u00a0\u00bb _builder_version=\u00a0\u00bb4.5.5&Prime; _module_preset=\u00a0\u00bbdefault\u00a0\u00bb][\/et_pb_image][\/et_pb_column][\/et_pb_row][\/et_pb_section]<\/p>\n","protected":false},"excerpt":{"rendered":"<p>[et_pb_section fb_built=\u00a0\u00bb1&Prime; fullwidth=\u00a0\u00bbon\u00a0\u00bb disabled_on=\u00a0\u00bbon|off|off\u00a0\u00bb _builder_version=\u00a0\u00bb4.5.5&Prime; _module_preset=\u00a0\u00bbdefault\u00a0\u00bb][et_pb_fullwidth_header title=\u00a0\u00bbQUI SOMMES NOUS\u00a0\u00bb text_orientation=\u00a0\u00bbcenter\u00a0\u00bb button_one_text=\u00a0\u00bbRETOUR A L&rsquo;ACCEUIL\u00a0\u00bb button_one_url=\u00a0\u00bbhttps:\/\/asso-adjd.fr\/\u00a0\u00bb title_last_edited=\u00a0\u00bboff|desktop\u00a0\u00bb _builder_version=\u00a0\u00bb4.5.5&Prime; _module_preset=\u00a0\u00bbdefault\u00a0\u00bb title_font=\u00a0\u00bbMontserrat||||||||\u00a0\u00bb title_text_color=\u00a0\u00bb#e09900&Prime; title_font_size=\u00a0\u00bb40px\u00a0\u00bb content_font=\u00a0\u00bbMontserrat||||||||\u00a0\u00bb content_text_align=\u00a0\u00bbjustify\u00a0\u00bb content_text_color=\u00a0\u00bb#ffffff\u00a0\u00bb background_color=\u00a0\u00bb#00470b\u00a0\u00bb custom_button_one=\u00a0\u00bbon\u00a0\u00bb button_one_font=\u00a0\u00bbAcme||||||||\u00a0\u00bb button_one_icon=\u00a0\u00bb%%236%%\u00a0\u00bb] Organisme agr\u00e9\u00e9e Jeunesse et Education populaire par la pr\u00e9fecture du Rh\u00f4ne, la structure a \u00e9t\u00e9 cr\u00e9\u00e9e en 2008 dans le Rh\u00f4ne en France, initialement dans le but de [&hellip;]<\/p>\n","protected":false},"author":1,"featured_media":0,"parent":0,"menu_order":0,"comment_status":"closed","ping_status":"closed","template":"","meta":{"_et_pb_use_builder":"on","_et_pb_old_content":"","_et_gb_content_width":"","footnotes":""},"class_list":["post-14","page","type-page","status-publish","hentry"],"_links":{"self":[{"href":"https:\/\/asso-adjd.fr\/index.php\/wp-json\/wp\/v2\/pages\/14","targetHints":{"allow":["GET"]}}],"collection":[{"href":"https:\/\/asso-adjd.fr\/index.php\/wp-json\/wp\/v2\/pages"}],"about":[{"href":"https:\/\/asso-adjd.fr\/index.php\/wp-json\/wp\/v2\/types\/page"}],"author":[{"embeddable":true,"href":"https:\/\/asso-adjd.fr\/index.php\/wp-json\/wp\/v2\/users\/1"}],"replies":[{"embeddable":true,"href":"https:\/\/asso-adjd.fr\/index.php\/wp-json\/wp\/v2\/comments?post=14"}],"version-history":[{"count":34,"href":"https:\/\/asso-adjd.fr\/index.php\/wp-json\/wp\/v2\/pages\/14\/revisions"}],"predecessor-version":[{"id":1173,"href":"https:\/\/asso-adjd.fr\/index.php\/wp-json\/wp\/v2\/pages\/14\/revisions\/1173"}],"wp:attachment":[{"href":"https:\/\/asso-adjd.fr\/index.php\/wp-json\/wp\/v2\/media?parent=14"}],"curies":[{"name":"wp","href":"https:\/\/api.w.org\/{rel}","templated":true}]}}