{"id":1225,"date":"2026-09-04T20:48:40","date_gmt":"2026-09-04T18:48:40","guid":{"rendered":"https:\/\/asso-adjd.fr\/?page_id=1225"},"modified":"2026-09-04T21:19:23","modified_gmt":"2026-09-04T19:19:23","slug":"cantine-resurrection","status":"publish","type":"page","link":"https:\/\/asso-adjd.fr\/index.php\/cantine-resurrection\/","title":{"rendered":"CANTINE R\u00c9SURRECTION"},"content":{"rendered":"<p>[et_pb_section fb_built=\u00a0\u00bb1&Prime; fullwidth=\u00a0\u00bbon\u00a0\u00bb disabled_on=\u00a0\u00bboff|on|on\u00a0\u00bb _builder_version=\u00a0\u00bb4.5.5&Prime; _module_preset=\u00a0\u00bbdefault\u00a0\u00bb background_image=\u00a0\u00bbhttps:\/\/asso-adjd.fr\/wp-content\/uploads\/2026\/09\/WhatsApp-Image-2026-09-04-at-18.09.36-9.jpeg\u00a0\u00bb hover_enabled=\u00a0\u00bb0&Prime; title_text=\u00a0\u00bbWhatsApp Image 2026-09-04 at 18.09.36 (9)\u00a0\u00bb][et_pb_fullwidth_header title=\u00a0\u00bbPROJET \u00ab CANTINE R\u00c9SURRECTION \u00bb \u00c0 L\u2019\u00c9COLE PRIMAIRE DE SAMBA\u00a0\u00bb text_orientation=\u00a0\u00bbcenter\u00a0\u00bb button_one_text=\u00a0\u00bbRETOUR A L&rsquo;ACCUEIL\u00a0\u00bb button_one_url=\u00a0\u00bbhttps:\/\/asso-adjd.fr\/\u00a0\u00bb _builder_version=\u00a0\u00bb4.5.5&Prime; _module_preset=\u00a0\u00bbdefault\u00a0\u00bb title_font=\u00a0\u00bbMontserrat|600|||||||\u00a0\u00bb title_text_color=\u00a0\u00bb#7cda24&Prime; title_font_size=\u00a0\u00bb22px\u00a0\u00bb title_line_height=\u00a0\u00bb1.4em\u00a0\u00bb content_font=\u00a0\u00bbMontserrat||||||||\u00a0\u00bb background_color=\u00a0\u00bbrgba(0,13,17,0.89)\u00a0\u00bb custom_button_one=\u00a0\u00bbon\u00a0\u00bb button_one_text_size=\u00a0\u00bb16px\u00a0\u00bb button_one_text_color=\u00a0\u00bb#ffffff\u00a0\u00bb button_one_bg_color=\u00a0\u00bb#073f00&Prime; button_one_border_width=\u00a0\u00bb2px\u00a0\u00bb button_one_border_radius=\u00a0\u00bb10px\u00a0\u00bb button_one_font=\u00a0\u00bbMontserrat||||||||\u00a0\u00bb button_one_icon=\u00a0\u00bb%%236%%\u00a0\u00bb custom_margin=\u00a0\u00bb0px|0px|0px|0px|true|true\u00a0\u00bb custom_padding=\u00a0\u00bb0px||0px||true|false\u00a0\u00bb hover_enabled=\u00a0\u00bb0&Prime; title_text_shadow_style=\u00a0\u00bbpreset1&Prime;]<\/p>\n<p><span>Fort du succ\u00e8s de son exp\u00e9rimentation en 2025, ce projet vise \u00e0 rendre la cantine de l&rsquo;\u00e9cole primaire de Samba enti\u00e8rement autonome. En reliant agriculture locale, mobilisation communautaire et gestion participative, nous souhaitons garantir des repas nutritifs et durables pour les 500 \u00e9l\u00e8ves de l&rsquo;\u00e9cole, tout en renfor\u00e7ant la r\u00e9silience de toute la communaut\u00e9.<\/span><\/p>\n<p>[\/et_pb_fullwidth_header][\/et_pb_section][et_pb_section fb_built=\u00a0\u00bb1&Prime; fullwidth=\u00a0\u00bbon\u00a0\u00bb disabled_on=\u00a0\u00bbon|off|off\u00a0\u00bb _builder_version=\u00a0\u00bb4.5.5&Prime; _module_preset=\u00a0\u00bbdefault\u00a0\u00bb background_image=\u00a0\u00bbhttps:\/\/asso-adjd.fr\/wp-content\/uploads\/2026\/09\/WhatsApp-Image-2026-09-04-at-18.09.36-9.jpeg\u00a0\u00bb hover_enabled=\u00a0\u00bb0&Prime; title_text=\u00a0\u00bbWhatsApp Image 2026-09-04 at 18.09.36 (9)\u00a0\u00bb][et_pb_fullwidth_header title=\u00a0\u00bbPROJET \u00ab CANTINE R\u00c9SURRECTION \u00bb \u00c0 L\u2019\u00c9COLE PRIMAIRE DE SAMBA\u00a0\u00bb text_orientation=\u00a0\u00bbcenter\u00a0\u00bb button_one_text=\u00a0\u00bbRETOUR A L&rsquo;ACCUEIL\u00a0\u00bb button_one_url=\u00a0\u00bbhttps:\/\/asso-adjd.fr\/\u00a0\u00bb _builder_version=\u00a0\u00bb4.5.5&Prime; _module_preset=\u00a0\u00bbdefault\u00a0\u00bb title_font=\u00a0\u00bbMontserrat|600|||||||\u00a0\u00bb title_text_color=\u00a0\u00bb#7cda24&Prime; title_font_size=\u00a0\u00bb50px\u00a0\u00bb title_line_height=\u00a0\u00bb1.4em\u00a0\u00bb content_font=\u00a0\u00bbMontserrat||||||||\u00a0\u00bb content_font_size=\u00a0\u00bb20px\u00a0\u00bb background_color=\u00a0\u00bbrgba(3,13,17,0.89)\u00a0\u00bb custom_button_one=\u00a0\u00bbon\u00a0\u00bb button_one_text_color=\u00a0\u00bb#ffffff\u00a0\u00bb button_one_bg_color=\u00a0\u00bb#073f00&Prime; button_one_border_width=\u00a0\u00bb2px\u00a0\u00bb button_one_border_radius=\u00a0\u00bb10px\u00a0\u00bb button_one_font=\u00a0\u00bbMontserrat||||||||\u00a0\u00bb button_one_icon=\u00a0\u00bb%%236%%\u00a0\u00bb hover_enabled=\u00a0\u00bb0&Prime; title_text_shadow_style=\u00a0\u00bbpreset1&Prime; custom_margin=\u00a0\u00bb0px||0px||true|false\u00a0\u00bb custom_padding=\u00a0\u00bb0px||0px||true|false\u00a0\u00bb content_line_height=\u00a0\u00bb1.6em\u00a0\u00bb]<\/p>\n<p><span>Fort du succ\u00e8s de son exp\u00e9rimentation en 2025, ce projet vise \u00e0 rendre la cantine de l&rsquo;\u00e9cole primaire de Samba enti\u00e8rement autonome. En reliant agriculture locale, mobilisation communautaire et gestion participative, nous souhaitons garantir des repas nutritifs et durables pour les 500 \u00e9l\u00e8ves de l&rsquo;\u00e9cole, tout en renfor\u00e7ant la r\u00e9silience de toute la communaut\u00e9.<\/span><\/p>\n<p>[\/et_pb_fullwidth_header][\/et_pb_section][et_pb_section fb_built=\u00a0\u00bb1&Prime; _builder_version=\u00a0\u00bb4.5.5&Prime; _module_preset=\u00a0\u00bbdefault\u00a0\u00bb][et_pb_row column_structure=\u00a0\u00bb1_2,1_2&Prime; disabled_on=\u00a0\u00bboff|on|on\u00a0\u00bb _builder_version=\u00a0\u00bb4.5.5&Prime; _module_preset=\u00a0\u00bbdefault\u00a0\u00bb][et_pb_column type=\u00a0\u00bb1_2&Prime; _builder_version=\u00a0\u00bb4.5.5&Prime; _module_preset=\u00a0\u00bbdefault\u00a0\u00bb][et_pb_image src=\u00a0\u00bbhttps:\/\/asso-adjd.fr\/wp-content\/uploads\/2026\/09\/WhatsApp-Image-2026-09-04-at-18.09.35.jpeg\u00a0\u00bb title_text=\u00a0\u00bbWhatsApp Image 2026-09-04 at 18.09.35&Prime; align=\u00a0\u00bbcenter\u00a0\u00bb _builder_version=\u00a0\u00bb4.5.5&Prime; _module_preset=\u00a0\u00bbdefault\u00a0\u00bb hover_enabled=\u00a0\u00bb0&Prime; height=\u00a0\u00bb150px\u00a0\u00bb][\/et_pb_image][\/et_pb_column][et_pb_column type=\u00a0\u00bb1_2&Prime; _builder_version=\u00a0\u00bb4.5.5&Prime; _module_preset=\u00a0\u00bbdefault\u00a0\u00bb][et_pb_text _builder_version=\u00a0\u00bb4.5.5&Prime; _module_preset=\u00a0\u00bbdefault\u00a0\u00bb text_font=\u00a0\u00bbMontserrat|600||on|||||\u00a0\u00bb text_font_size=\u00a0\u00bb45px\u00a0\u00bb text_line_height=\u00a0\u00bb1.6em\u00a0\u00bb text_orientation=\u00a0\u00bbcenter\u00a0\u00bb]<\/p>\n<p>Objectif du projet<\/p>\n<p>[\/et_pb_text][\/et_pb_column][\/et_pb_row][et_pb_row column_structure=\u00a0\u00bb1_4,1_2,1_4&Prime; disabled_on=\u00a0\u00bbon|off|off\u00a0\u00bb _builder_version=\u00a0\u00bb4.5.5&Prime; _module_preset=\u00a0\u00bbdefault\u00a0\u00bb][et_pb_column type=\u00a0\u00bb1_4&Prime; _builder_version=\u00a0\u00bb4.5.5&Prime; _module_preset=\u00a0\u00bbdefault\u00a0\u00bb][et_pb_image src=\u00a0\u00bbhttps:\/\/asso-adjd.fr\/wp-content\/uploads\/2026\/09\/WhatsApp-Image-2026-09-04-at-18.09.35.jpeg\u00a0\u00bb title_text=\u00a0\u00bbWhatsApp Image 2026-09-04 at 18.09.35&Prime; _builder_version=\u00a0\u00bb4.5.5&Prime; _module_preset=\u00a0\u00bbdefault\u00a0\u00bb hover_enabled=\u00a0\u00bb0&Prime; height=\u00a0\u00bb165px\u00a0\u00bb align=\u00a0\u00bbcenter\u00a0\u00bb][\/et_pb_image][\/et_pb_column][et_pb_column type=\u00a0\u00bb1_2&Prime; _builder_version=\u00a0\u00bb4.5.5&Prime; _module_preset=\u00a0\u00bbdefault\u00a0\u00bb][et_pb_text _builder_version=\u00a0\u00bb4.5.5&Prime; _module_preset=\u00a0\u00bbdefault\u00a0\u00bb text_font=\u00a0\u00bbMontserrat|600||on|||||\u00a0\u00bb text_font_size=\u00a0\u00bb30px\u00a0\u00bb text_line_height=\u00a0\u00bb1.6em\u00a0\u00bb text_orientation=\u00a0\u00bbcenter\u00a0\u00bb][\/et_pb_text][et_pb_text _builder_version=\u00a0\u00bb4.5.5&Prime; _module_preset=\u00a0\u00bbdefault\u00a0\u00bb text_font=\u00a0\u00bbMontserrat|600||on|||||\u00a0\u00bb text_font_size=\u00a0\u00bb45px\u00a0\u00bb text_line_height=\u00a0\u00bb1.6em\u00a0\u00bb text_orientation=\u00a0\u00bbcenter\u00a0\u00bb]<\/p>\n<p>Objectif du projet<\/p>\n<p>[\/et_pb_text][\/et_pb_column][et_pb_column type=\u00a0\u00bb1_4&Prime; _builder_version=\u00a0\u00bb4.5.5&Prime; _module_preset=\u00a0\u00bbdefault\u00a0\u00bb][et_pb_image src=\u00a0\u00bbhttps:\/\/asso-adjd.fr\/wp-content\/uploads\/2023\/06\/cropped-LOGO-ADJD-COULEUR-270&#215;270-1.png\u00a0\u00bb title_text=\u00a0\u00bbcropped-LOGO-ADJD-COULEUR-270&#215;270&Prime; _builder_version=\u00a0\u00bb4.5.5&Prime; _module_preset=\u00a0\u00bbdefault\u00a0\u00bb height=\u00a0\u00bb165px\u00a0\u00bb][\/et_pb_image][\/et_pb_column][\/et_pb_row][et_pb_row _builder_version=\u00a0\u00bb4.5.5&Prime; _module_preset=\u00a0\u00bbdefault\u00a0\u00bb][et_pb_column type=\u00a0\u00bb4_4&Prime; _builder_version=\u00a0\u00bb4.5.5&Prime; _module_preset=\u00a0\u00bbdefault\u00a0\u00bb][et_pb_text _builder_version=\u00a0\u00bb4.5.5&Prime; _module_preset=\u00a0\u00bbdefault\u00a0\u00bb text_font=\u00a0\u00bbMontserrat||||||||\u00a0\u00bb text_font_size=\u00a0\u00bb17px\u00a0\u00bb text_line_height=\u00a0\u00bb1.6em\u00a0\u00bb hover_enabled=\u00a0\u00bb0&Prime; custom_margin=\u00a0\u00bb0px||80px||false|false\u00a0\u00bb custom_padding=\u00a0\u00bb0px||0px||true|false\u00a0\u00bb]<\/p>\n<div class=\"qwen-markdown-paragraph\" dir=\"ltr\"><strong class=\"qwen-markdown-strong\" dir=\"auto\"><span class=\"qwen-markdown-text\">1_<\/span><\/strong><span class=\"qwen-markdown-text\"> \u00c9tendre progressivement le dispositif de la cantine scolaire \u00e0 l&rsquo;ensemble des <\/span><strong class=\"qwen-markdown-strong\" dir=\"ltr\"><span class=\"qwen-markdown-text\">500 \u00e9l\u00e8ves<\/span><\/strong><span class=\"qwen-markdown-text\"> de l&rsquo;\u00e9cole primaire de Samba, contre 100 lors de la phase pilote.<\/span><\/div>\n<div class=\"qwen-markdown-space\"><\/div>\n<div class=\"qwen-markdown-space\"><\/div>\n<div class=\"qwen-markdown-space\"><\/div>\n<div class=\"qwen-markdown-paragraph\" dir=\"ltr\"><strong class=\"qwen-markdown-strong\" dir=\"auto\"><span class=\"qwen-markdown-text\">2_<\/span><\/strong><span class=\"qwen-markdown-text\"> Diversifier la production agricole locale (potagers communautaires) pour assurer un approvisionnement suffisant, r\u00e9gulier et vari\u00e9 de la cantine.<\/span><\/div>\n<div class=\"qwen-markdown-space\"><\/div>\n<div class=\"qwen-markdown-space\"><\/div>\n<div class=\"qwen-markdown-space\"><\/div>\n<div class=\"qwen-markdown-paragraph\" dir=\"ltr\"><strong class=\"qwen-markdown-strong\" dir=\"auto\"><span class=\"qwen-markdown-text\">3_<\/span><\/strong><span class=\"qwen-markdown-text\"> Am\u00e9liorer les installations de cuisine et de stockage afin de r\u00e9pondre aux besoins d&rsquo;une cantine fonctionnant \u00e0 pleine capacit\u00e9.<\/span><\/div>\n<div class=\"qwen-markdown-space\"><\/div>\n<div class=\"qwen-markdown-space\"><\/div>\n<div class=\"qwen-markdown-space\"><\/div>\n<div class=\"qwen-markdown-paragraph\" dir=\"ltr\"><strong class=\"qwen-markdown-strong\" dir=\"auto\"><span class=\"qwen-markdown-text\">4_<\/span><\/strong><span class=\"qwen-markdown-text\"> Organiser un syst\u00e8me permanent de suivi et de gestion des ressources (financi\u00e8res, alimentaires et humaines) de la cantine.<\/span><\/div>\n<div class=\"qwen-markdown-space\"><\/div>\n<div class=\"qwen-markdown-space\"><\/div>\n<div class=\"qwen-markdown-space\"><\/div>\n<div class=\"qwen-markdown-paragraph\" dir=\"ltr\"><strong class=\"qwen-markdown-strong\" dir=\"auto\"><span class=\"qwen-markdown-text\">5_<\/span><\/strong><span class=\"qwen-markdown-text\"> Mettre en place un comit\u00e9 local comp\u00e9tent, repr\u00e9sentant les parents d&rsquo;\u00e9l\u00e8ves, les autorit\u00e9s, les associations et les acteurs locaux, capable de g\u00e9rer durablement et de mani\u00e8re autonome la cantine.<\/span><\/div>\n<div class=\"qwen-markdown-space\"><\/div>\n<div class=\"qwen-markdown-space\"><\/div>\n<div class=\"qwen-markdown-space\"><\/div>\n<div class=\"qwen-markdown-paragraph\" dir=\"ltr\"><strong class=\"qwen-markdown-strong\" dir=\"auto\"><span class=\"qwen-markdown-text\">6_<\/span><\/strong><span class=\"qwen-markdown-text\"> Promouvoir le projet et ses r\u00e9sultats via les r\u00e9seaux sociaux et les m\u00e9dias (en fran\u00e7ais et en anglais) pour valoriser la mobilisation communautaire, p\u00e9renniser les partenariats et inspirer d&rsquo;autres initiatives similaires.<\/span><\/div>\n<div class=\"qwen-markdown-space\"><\/div>\n<div class=\"qwen-markdown-space\"><\/div>\n<p>[\/et_pb_text][et_pb_text _builder_version=\u00a0\u00bb4.5.5&Prime; _module_preset=\u00a0\u00bbdefault\u00a0\u00bb text_font=\u00a0\u00bbMontserrat|600||on|||||\u00a0\u00bb text_font_size=\u00a0\u00bb45px\u00a0\u00bb text_line_height=\u00a0\u00bb1.6em\u00a0\u00bb text_orientation=\u00a0\u00bbcenter\u00a0\u00bb]<\/p>\n<p>R\u00e9sum\u00e9 du projet<\/p>\n<p>[\/et_pb_text][\/et_pb_column][\/et_pb_row][et_pb_row _builder_version=\u00a0\u00bb4.5.5&Prime; _module_preset=\u00a0\u00bbdefault\u00a0\u00bb][et_pb_column type=\u00a0\u00bb4_4&Prime; _builder_version=\u00a0\u00bb4.5.5&Prime; _module_preset=\u00a0\u00bbdefault\u00a0\u00bb][et_pb_text _builder_version=\u00a0\u00bb4.5.5&Prime; _module_preset=\u00a0\u00bbdefault\u00a0\u00bb text_font=\u00a0\u00bbMontserrat||||||||\u00a0\u00bb text_font_size=\u00a0\u00bb17px\u00a0\u00bb text_line_height=\u00a0\u00bb1.6em\u00a0\u00bb hover_enabled=\u00a0\u00bb0&Prime;]<\/p>\n<p><span>Ann\u00e9e 2025, ADJD-France, en collaboration avec ADJD-Samba, l\u2019\u00e9cole primaire, les parents d\u2019\u00e9l\u00e8ves, les autorit\u00e9s et les associations locales, a exp\u00e9riment\u00e9 la r\u00e9activation de la cantine scolaire de Samba, rest\u00e9e inactive pendant pr\u00e8s de dix ans. <\/span><\/p>\n<p><span><\/span><\/p>\n<p><span><\/span><\/p>\n<p><span>Financ\u00e9 sur les fonds propres d\u2019ADJD-France et gr\u00e2ce aux contributions locales en nature, ce premier projet pilote a permis d\u2019accompagner, pendant 12 mois, 100 \u00e9l\u00e8ves s\u00e9lectionn\u00e9s parmi les enfants les plus d\u00e9munis de l\u2019\u00e9cole. <\/span><\/p>\n<p><span>Les parents, les habitants et les acteurs locaux se sont mobilis\u00e9s pour cr\u00e9er et entretenir des potagers communautaires. Les r\u00e9coltes obtenues ont contribu\u00e9 \u00e0 l\u2019approvisionnement de la cantine et \u00e0 la pr\u00e9paration des repas destin\u00e9s aux enfants.<\/span><\/p>\n<p><span><\/span><\/p>\n<p><span><\/span><\/p>\n<p><span> Cette exp\u00e9rimentation a d\u00e9montr\u00e9 qu\u2019une production agricole locale, associ\u00e9e \u00e0 une forte participation communautaire, pouvait contribuer au fonctionnement d\u2019une cantine scolaire \u00e0 Samba. <\/span><\/p>\n<p><span>Le projet a \u00e9galement permis d\u2019identifier les limites \u00e0 surmonter : une capacit\u00e9 restreinte \u00e0 100 \u00e9l\u00e8ves sur les 500 que compte l\u2019\u00e9cole, une production agricole encore insuffisante et l\u2019absence d\u2019un syst\u00e8me permanent de gestion et de financement. \u00c0 partir des enseignements de cette premi\u00e8re exp\u00e9rience, ADJD souhaite d\u00e9velopper le projet \u00ab Cantine autonome de Samba \u00bb. <\/span><\/p>\n<p><span>Cette nouvelle \u00e9tape visera \u00e0 \u00e9tendre progressivement le dispositif aux 500 \u00e9l\u00e8ves, diversifier la production agricole, am\u00e9liorer les installations de cuisine et de stockage, organiser le suivi des ressources et mettre en place un comit\u00e9 local capable de g\u00e9rer durablement la cantine. Nous remercions les parents d\u2019\u00e9l\u00e8ves, l\u2019\u00e9quipe enseignante, la chefferie de Samba, les associations locales, les b\u00e9n\u00e9voles et tous les habitants mobilis\u00e9s pour redonner vie \u00e0 cette cantine.<\/span><\/p>\n<p><span><\/span><\/p>\n<p><span><\/span><\/p>\n<p><span> <\/span><img decoding=\"async\" src=\"https:\/\/web.telegram.org\/k\/assets\/img\/emoji\/1f4cd.png\" class=\"emoji emoji-image\" alt=\"\ud83d\udccd\" \/><span> \u00c9cole primaire de Samba, commune de Bimbo, R\u00e9publique centrafricaine <\/span><img decoding=\"async\" src=\"https:\/\/web.telegram.org\/k\/assets\/img\/emoji\/1f4c5.png\" class=\"emoji emoji-image\" alt=\"\ud83d\udcc5\" \/><span> Exp\u00e9rimentation r\u00e9alis\u00e9e en 2025 <\/span><\/p>\n<p><img decoding=\"async\" src=\"https:\/\/web.telegram.org\/k\/assets\/img\/emoji\/1f467-1f3ff.png\" class=\"emoji emoji-image\" alt=\"\ud83d\udc67\ud83c\udfff\" \/><img decoding=\"async\" src=\"https:\/\/web.telegram.org\/k\/assets\/img\/emoji\/1f466-1f3ff.png\" class=\"emoji emoji-image\" alt=\"\ud83d\udc66\ud83c\udfff\" \/><span> 100 \u00e9l\u00e8ves accompagn\u00e9s pendant 12 mois<\/span><\/p>\n<p>[\/et_pb_text][\/et_pb_column][\/et_pb_row][et_pb_row column_structure=\u00a0\u00bb1_4,1_4,1_4,1_4&Prime; _builder_version=\u00a0\u00bb4.5.5&Prime; _module_preset=\u00a0\u00bbdefault\u00a0\u00bb][et_pb_column type=\u00a0\u00bb1_4&Prime; _builder_version=\u00a0\u00bb4.5.5&Prime; _module_preset=\u00a0\u00bbdefault\u00a0\u00bb][et_pb_image src=\u00a0\u00bbhttps:\/\/asso-adjd.fr\/wp-content\/uploads\/2026\/09\/WhatsApp-Image-2026-09-04-at-18.09.36-10.jpeg\u00a0\u00bb title_text=\u00a0\u00bbWhatsApp Image 2026-09-04 at 18.09.36 (10)\u00a0\u00bb _builder_version=\u00a0\u00bb4.5.5&Prime; _module_preset=\u00a0\u00bbdefault\u00a0\u00bb height=\u00a0\u00bb140px\u00a0\u00bb hover_enabled=\u00a0\u00bb0&Prime;][\/et_pb_image][\/et_pb_column][et_pb_column type=\u00a0\u00bb1_4&Prime; _builder_version=\u00a0\u00bb4.5.5&Prime; _module_preset=\u00a0\u00bbdefault\u00a0\u00bb][et_pb_image src=\u00a0\u00bbhttps:\/\/asso-adjd.fr\/wp-content\/uploads\/2026\/09\/WhatsApp-Image-2026-09-04-at-18.09.35.jpeg\u00a0\u00bb title_text=\u00a0\u00bbWhatsApp Image 2026-09-04 at 18.09.35&Prime; _builder_version=\u00a0\u00bb4.5.5&Prime; _module_preset=\u00a0\u00bbdefault\u00a0\u00bb height=\u00a0\u00bb140px\u00a0\u00bb hover_enabled=\u00a0\u00bb0&Prime;][\/et_pb_image][\/et_pb_column][et_pb_column type=\u00a0\u00bb1_4&Prime; _builder_version=\u00a0\u00bb4.5.5&Prime; _module_preset=\u00a0\u00bbdefault\u00a0\u00bb][et_pb_image src=\u00a0\u00bbhttps:\/\/asso-adjd.fr\/wp-content\/uploads\/2026\/09\/WhatsApp-Image-2026-09-04-at-18.09.35-1.jpeg\u00a0\u00bb title_text=\u00a0\u00bbWhatsApp Image 2026-09-04 at 18.09.35 (1)\u00a0\u00bb _builder_version=\u00a0\u00bb4.5.5&Prime; _module_preset=\u00a0\u00bbdefault\u00a0\u00bb height=\u00a0\u00bb140px\u00a0\u00bb hover_enabled=\u00a0\u00bb0&Prime;][\/et_pb_image][\/et_pb_column][et_pb_column type=\u00a0\u00bb1_4&Prime; _builder_version=\u00a0\u00bb4.5.5&Prime; _module_preset=\u00a0\u00bbdefault\u00a0\u00bb][et_pb_image src=\u00a0\u00bbhttps:\/\/asso-adjd.fr\/wp-content\/uploads\/2026\/09\/WhatsApp-Image-2026-09-04-at-18.09.36-6.jpeg\u00a0\u00bb title_text=\u00a0\u00bbWhatsApp Image 2026-09-04 at 18.09.36 (6)\u00a0\u00bb _builder_version=\u00a0\u00bb4.5.5&Prime; _module_preset=\u00a0\u00bbdefault\u00a0\u00bb hover_enabled=\u00a0\u00bb0&Prime;][\/et_pb_image][\/et_pb_column][\/et_pb_row][et_pb_row column_structure=\u00a0\u00bb1_4,1_4,1_4,1_4&Prime; _builder_version=\u00a0\u00bb4.5.5&Prime; _module_preset=\u00a0\u00bbdefault\u00a0\u00bb][et_pb_column type=\u00a0\u00bb1_4&Prime; _builder_version=\u00a0\u00bb4.5.5&Prime; _module_preset=\u00a0\u00bbdefault\u00a0\u00bb][et_pb_image src=\u00a0\u00bbhttps:\/\/asso-adjd.fr\/wp-content\/uploads\/2026\/09\/WhatsApp-Image-2026-09-04-at-18.09.36-9.jpeg\u00a0\u00bb title_text=\u00a0\u00bbWhatsApp Image 2026-09-04 at 18.09.36 (9)\u00a0\u00bb _builder_version=\u00a0\u00bb4.5.5&Prime; _module_preset=\u00a0\u00bbdefault\u00a0\u00bb height=\u00a0\u00bb125px\u00a0\u00bb hover_enabled=\u00a0\u00bb0&Prime;][\/et_pb_image][\/et_pb_column][et_pb_column type=\u00a0\u00bb1_4&Prime; _builder_version=\u00a0\u00bb4.5.5&Prime; _module_preset=\u00a0\u00bbdefault\u00a0\u00bb][et_pb_image src=\u00a0\u00bbhttps:\/\/asso-adjd.fr\/wp-content\/uploads\/2026\/09\/WhatsApp-Image-2026-09-04-at-18.09.36.jpeg\u00a0\u00bb title_text=\u00a0\u00bbWhatsApp Image 2026-09-04 at 18.09.36&Prime; _builder_version=\u00a0\u00bb4.5.5&Prime; _module_preset=\u00a0\u00bbdefault\u00a0\u00bb height=\u00a0\u00bb125px\u00a0\u00bb hover_enabled=\u00a0\u00bb0&Prime;][\/et_pb_image][\/et_pb_column][et_pb_column type=\u00a0\u00bb1_4&Prime; _builder_version=\u00a0\u00bb4.5.5&Prime; _module_preset=\u00a0\u00bbdefault\u00a0\u00bb][et_pb_image src=\u00a0\u00bbhttps:\/\/asso-adjd.fr\/wp-content\/uploads\/2026\/09\/WhatsApp-Image-2026-09-04-at-18.09.36-1.jpeg\u00a0\u00bb title_text=\u00a0\u00bbWhatsApp Image 2026-09-04 at 18.09.36 (1)\u00a0\u00bb _builder_version=\u00a0\u00bb4.5.5&Prime; _module_preset=\u00a0\u00bbdefault\u00a0\u00bb hover_enabled=\u00a0\u00bb0&Prime;][\/et_pb_image][\/et_pb_column][et_pb_column type=\u00a0\u00bb1_4&Prime; _builder_version=\u00a0\u00bb4.5.5&Prime; _module_preset=\u00a0\u00bbdefault\u00a0\u00bb][et_pb_image src=\u00a0\u00bbhttps:\/\/asso-adjd.fr\/wp-content\/uploads\/2026\/09\/WhatsApp-Image-2026-09-04-at-18.09.36-1.jpeg\u00a0\u00bb title_text=\u00a0\u00bbWhatsApp Image 2026-09-04 at 18.09.36 (1)\u00a0\u00bb _builder_version=\u00a0\u00bb4.5.5&Prime; _module_preset=\u00a0\u00bbdefault\u00a0\u00bb height=\u00a0\u00bb120px\u00a0\u00bb hover_enabled=\u00a0\u00bb0&Prime;][\/et_pb_image][\/et_pb_column][\/et_pb_row][\/et_pb_section]<\/p>\n","protected":false},"excerpt":{"rendered":"<p>[et_pb_section fb_built=\u00a0\u00bb1&Prime; fullwidth=\u00a0\u00bbon\u00a0\u00bb disabled_on=\u00a0\u00bboff|on|on\u00a0\u00bb _builder_version=\u00a0\u00bb4.5.5&Prime; _module_preset=\u00a0\u00bbdefault\u00a0\u00bb background_image=\u00a0\u00bbhttps:\/\/asso-adjd.fr\/wp-content\/uploads\/2026\/09\/WhatsApp-Image-2026-09-04-at-18.09.36-9.jpeg\u00a0\u00bb hover_enabled=\u00a0\u00bb0&Prime; title_text=\u00a0\u00bbWhatsApp Image 2026-09-04 at 18.09.36 (9)\u00a0\u00bb][et_pb_fullwidth_header title=\u00a0\u00bbPROJET \u00ab CANTINE R\u00c9SURRECTION \u00bb \u00c0 L\u2019\u00c9COLE PRIMAIRE DE SAMBA\u00a0\u00bb text_orientation=\u00a0\u00bbcenter\u00a0\u00bb button_one_text=\u00a0\u00bbRETOUR A L&rsquo;ACCUEIL\u00a0\u00bb button_one_url=\u00a0\u00bbhttps:\/\/asso-adjd.fr\/\u00a0\u00bb _builder_version=\u00a0\u00bb4.5.5&Prime; _module_preset=\u00a0\u00bbdefault\u00a0\u00bb title_font=\u00a0\u00bbMontserrat|600|||||||\u00a0\u00bb title_text_color=\u00a0\u00bb#7cda24&Prime; title_font_size=\u00a0\u00bb22px\u00a0\u00bb title_line_height=\u00a0\u00bb1.4em\u00a0\u00bb content_font=\u00a0\u00bbMontserrat||||||||\u00a0\u00bb background_color=\u00a0\u00bbrgba(0,13,17,0.89)\u00a0\u00bb custom_button_one=\u00a0\u00bbon\u00a0\u00bb button_one_text_size=\u00a0\u00bb16px\u00a0\u00bb button_one_text_color=\u00a0\u00bb#ffffff\u00a0\u00bb button_one_bg_color=\u00a0\u00bb#073f00&Prime; button_one_border_width=\u00a0\u00bb2px\u00a0\u00bb button_one_border_radius=\u00a0\u00bb10px\u00a0\u00bb button_one_font=\u00a0\u00bbMontserrat||||||||\u00a0\u00bb button_one_icon=\u00a0\u00bb%%236%%\u00a0\u00bb custom_margin=\u00a0\u00bb0px|0px|0px|0px|true|true\u00a0\u00bb custom_padding=\u00a0\u00bb0px||0px||true|false\u00a0\u00bb hover_enabled=\u00a0\u00bb0&Prime; title_text_shadow_style=\u00a0\u00bbpreset1&Prime;] Fort du succ\u00e8s de son exp\u00e9rimentation [&hellip;]<\/p>\n","protected":false},"author":1,"featured_media":0,"parent":0,"menu_order":0,"comment_status":"closed","ping_status":"closed","template":"","meta":{"_et_pb_use_builder":"on","_et_pb_old_content":"","_et_gb_content_width":"","footnotes":""},"class_list":["post-1225","page","type-page","status-publish","hentry"],"_links":{"self":[{"href":"https:\/\/asso-adjd.fr\/index.php\/wp-json\/wp\/v2\/pages\/1225","targetHints":{"allow":["GET"]}}],"collection":[{"href":"https:\/\/asso-adjd.fr\/index.php\/wp-json\/wp\/v2\/pages"}],"about":[{"href":"https:\/\/asso-adjd.fr\/index.php\/wp-json\/wp\/v2\/types\/page"}],"author":[{"embeddable":true,"href":"https:\/\/asso-adjd.fr\/index.php\/wp-json\/wp\/v2\/users\/1"}],"replies":[{"embeddable":true,"href":"https:\/\/asso-adjd.fr\/index.php\/wp-json\/wp\/v2\/comments?post=1225"}],"version-history":[{"count":11,"href":"https:\/\/asso-adjd.fr\/index.php\/wp-json\/wp\/v2\/pages\/1225\/revisions"}],"predecessor-version":[{"id":1259,"href":"https:\/\/asso-adjd.fr\/index.php\/wp-json\/wp\/v2\/pages\/1225\/revisions\/1259"}],"wp:attachment":[{"href":"https:\/\/asso-adjd.fr\/index.php\/wp-json\/wp\/v2\/media?parent=1225"}],"curies":[{"name":"wp","href":"https:\/\/api.w.org\/{rel}","templated":true}]}}