{"id":12,"date":"2023-06-30T17:41:13","date_gmt":"2023-06-30T15:41:13","guid":{"rendered":"https:\/\/asso-adjd.fr\/?page_id=12"},"modified":"2024-03-25T10:27:10","modified_gmt":"2024-03-25T09:27:10","slug":"partenaires","status":"publish","type":"page","link":"https:\/\/asso-adjd.fr\/index.php\/partenaires\/","title":{"rendered":"PARTENAIRES"},"content":{"rendered":"<p>[et_pb_section fb_built=\u00a0\u00bb1&Prime; fullwidth=\u00a0\u00bbon\u00a0\u00bb disabled_on=\u00a0\u00bbon|off|off\u00a0\u00bb _builder_version=\u00a0\u00bb4.5.5&Prime; _module_preset=\u00a0\u00bbdefault\u00a0\u00bb background_color=\u00a0\u00bb#005608&Prime;][et_pb_fullwidth_header title=\u00a0\u00bbILS NOUS FONT CONFIANCE\u00a0\u00bb text_orientation=\u00a0\u00bbcenter\u00a0\u00bb _builder_version=\u00a0\u00bb4.5.5&Prime; _module_preset=\u00a0\u00bbdefault\u00a0\u00bb title_font=\u00a0\u00bbAcme||||||||\u00a0\u00bb title_text_color=\u00a0\u00bb#edf000&Prime; title_font_size=\u00a0\u00bb65px\u00a0\u00bb content_font_size=\u00a0\u00bb18px\u00a0\u00bb background_color=\u00a0\u00bb#004f2b\u00a0\u00bb title_text_shadow_style=\u00a0\u00bbpreset1&Prime;]<\/p>\n<p>Nos partenaires nous font confiance, et nous accompagnent dans l&rsquo;\u00e9laboration, le suivi et la r\u00e9alisation de nos projets affin de garantir une meilleure efficacit\u00e9<\/p>\n<p>[\/et_pb_fullwidth_header][\/et_pb_section][et_pb_section fb_built=\u00a0\u00bb1&Prime; fullwidth=\u00a0\u00bbon\u00a0\u00bb disabled_on=\u00a0\u00bboff|on|on\u00a0\u00bb _builder_version=\u00a0\u00bb4.5.5&Prime; _module_preset=\u00a0\u00bbdefault\u00a0\u00bb background_color=\u00a0\u00bb#005608&Prime;][et_pb_fullwidth_header title=\u00a0\u00bbILS NOUS FONT CONFIANCE\u00a0\u00bb text_orientation=\u00a0\u00bbcenter\u00a0\u00bb _builder_version=\u00a0\u00bb4.5.5&Prime; _module_preset=\u00a0\u00bbdefault\u00a0\u00bb title_font=\u00a0\u00bbAcme||||||||\u00a0\u00bb title_text_color=\u00a0\u00bb#edf000&Prime; title_font_size=\u00a0\u00bb35px\u00a0\u00bb content_font=\u00a0\u00bbMontserrat||||||||\u00a0\u00bb content_text_align=\u00a0\u00bbjustify\u00a0\u00bb content_font_size=\u00a0\u00bb18px\u00a0\u00bb background_color=\u00a0\u00bb#004f2b\u00a0\u00bb max_height=\u00a0\u00bb310px\u00a0\u00bb custom_margin=\u00a0\u00bb|-1px||-1px|false|true\u00a0\u00bb custom_padding=\u00a0\u00bb0px||||false|false\u00a0\u00bb title_text_shadow_style=\u00a0\u00bbpreset1&Prime;]<\/p>\n<p>Nos partenaires nous font confiance, et nous accompagnent dans l&rsquo;\u00e9laboration, le suivi et la r\u00e9alisation de nos projets affin de garantir une meilleure efficacit\u00e9<\/p>\n<p>[\/et_pb_fullwidth_header][\/et_pb_section][et_pb_section fb_built=\u00a0\u00bb1&Prime; _builder_version=\u00a0\u00bb4.5.5&Prime; _module_preset=\u00a0\u00bbdefault\u00a0\u00bb][et_pb_row disabled_on=\u00a0\u00bbon|off|off\u00a0\u00bb _builder_version=\u00a0\u00bb4.5.5&Prime; _module_preset=\u00a0\u00bbdefault\u00a0\u00bb][et_pb_column type=\u00a0\u00bb4_4&Prime; _builder_version=\u00a0\u00bb4.5.5&Prime; _module_preset=\u00a0\u00bbdefault\u00a0\u00bb][et_pb_text _builder_version=\u00a0\u00bb4.5.5&Prime; _module_preset=\u00a0\u00bbdefault\u00a0\u00bb text_font=\u00a0\u00bbMontserrat||||||||\u00a0\u00bb text_font_size=\u00a0\u00bb17px\u00a0\u00bb text_line_height=\u00a0\u00bb1.6em\u00a0\u00bb text_orientation=\u00a0\u00bbjustified\u00a0\u00bb]<\/p>\n<p><strong>Partenaires<\/strong><br \/> Agence du service civique, Mairie de Rillieux, GPV (Grand Projet Ville), CAF, M\u00e9tropole de Lyon, Quartier d\u2019\u00e9t\u00e9, Agence de l\u2019eau, R\u00e9gion Auvergne-Rh\u00f4ne-Alpes, Pr\u00e9fecture du Rh\u00f4ne, Quartier d\u2019\u00e9t\u00e9 Etat, minist\u00e8re de la Jeunesse, minist\u00e8re de l\u2018Europe et des affaires \u00e9trang\u00e8res, , Agence Fran\u00e7aise de D\u00e9veloppement, Fondation Agir sa vie, Fondation Nicolas Hulot, Agence micro-projets COSIM ARA, FORIM, Magasin Auchan Caluire, Minist\u00e8re centrafricain en charge du d\u00e9veloppement de l\u2019\u00e9nergie et des ressources hydrauliques, Ambassade France en Centrafrique, Alliance Fran\u00e7aise de Bangui F\u00e9d\u00e9ration Centrafricaine de tennis de table, Ping Sans Fronti\u00e8res, AUVR Tennis de Table, Sewa-ping, Mairie de Bimbo, Mairie de Samba<\/p>\n<p>[\/et_pb_text][\/et_pb_column][\/et_pb_row][et_pb_row column_structure=\u00a0\u00bb1_4,1_4,1_4,1_4&Prime; _builder_version=\u00a0\u00bb4.5.5&Prime; _module_preset=\u00a0\u00bbdefault\u00a0\u00bb animation_style=\u00a0\u00bbzoom\u00a0\u00bb][et_pb_column type=\u00a0\u00bb1_4&Prime; _builder_version=\u00a0\u00bb4.5.5&Prime; _module_preset=\u00a0\u00bbdefault\u00a0\u00bb][et_pb_image src=\u00a0\u00bbhttps:\/\/asso-adjd.fr\/wp-content\/uploads\/2023\/07\/AFD-480&#215;212-1.png\u00a0\u00bb title_text=\u00a0\u00bbAFD-480&#215;212&Prime; _builder_version=\u00a0\u00bb4.5.5&Prime; _module_preset=\u00a0\u00bbdefault\u00a0\u00bb custom_margin=\u00a0\u00bb32px||||false|false\u00a0\u00bb animation_style=\u00a0\u00bbslide\u00a0\u00bb][\/et_pb_image][\/et_pb_column][et_pb_column type=\u00a0\u00bb1_4&Prime; _builder_version=\u00a0\u00bb4.5.5&Prime; _module_preset=\u00a0\u00bbdefault\u00a0\u00bb][et_pb_image src=\u00a0\u00bbhttps:\/\/asso-adjd.fr\/wp-content\/uploads\/2023\/07\/LOGO-MJC-400&#215;250-1.png\u00a0\u00bb title_text=\u00a0\u00bbLOGO-MJC-400&#215;250&Prime; _builder_version=\u00a0\u00bb4.5.5&Prime; _module_preset=\u00a0\u00bbdefault\u00a0\u00bb custom_margin=\u00a0\u00bb-8px||||false|false\u00a0\u00bb animation_style=\u00a0\u00bbslide\u00a0\u00bb][\/et_pb_image][\/et_pb_column][et_pb_column type=\u00a0\u00bb1_4&Prime; _builder_version=\u00a0\u00bb4.5.5&Prime; _module_preset=\u00a0\u00bbdefault\u00a0\u00bb][et_pb_image src=\u00a0\u00bbhttps:\/\/asso-adjd.fr\/wp-content\/uploads\/2023\/07\/LOGO-CENTRES-SOCIAUX.png\u00a0\u00bb title_text=\u00a0\u00bbLOGO-CENTRES-SOCIAUX\u00a0\u00bb _builder_version=\u00a0\u00bb4.5.5&Prime; _module_preset=\u00a0\u00bbdefault\u00a0\u00bb custom_margin=\u00a0\u00bb25px||||false|false\u00a0\u00bb animation_style=\u00a0\u00bbzoom\u00a0\u00bb][\/et_pb_image][\/et_pb_column][et_pb_column type=\u00a0\u00bb1_4&Prime; _builder_version=\u00a0\u00bb4.5.5&Prime; _module_preset=\u00a0\u00bbdefault\u00a0\u00bb][et_pb_image src=\u00a0\u00bbhttps:\/\/asso-adjd.fr\/wp-content\/uploads\/2024\/01\/PING-SANS-FRONTIERES-2.png\u00a0\u00bb title_text=\u00a0\u00bbPING SANS FRONTIERES (2)\u00a0\u00bb _builder_version=\u00a0\u00bb4.5.5&Prime; _module_preset=\u00a0\u00bbdefault\u00a0\u00bb custom_margin=\u00a0\u00bb30px||||false|false\u00a0\u00bb animation_style=\u00a0\u00bbfade\u00a0\u00bb][\/et_pb_image][\/et_pb_column][\/et_pb_row][et_pb_row column_structure=\u00a0\u00bb1_4,1_4,1_4,1_4&Prime; _builder_version=\u00a0\u00bb4.5.5&Prime; _module_preset=\u00a0\u00bbdefault\u00a0\u00bb animation_style=\u00a0\u00bbzoom\u00a0\u00bb][et_pb_column type=\u00a0\u00bb1_4&Prime; _builder_version=\u00a0\u00bb4.5.5&Prime; _module_preset=\u00a0\u00bbdefault\u00a0\u00bb][et_pb_image src=\u00a0\u00bbhttps:\/\/asso-adjd.fr\/wp-content\/uploads\/2023\/07\/GENERATION-CLIMAT-400&#215;250-1.jpg\u00a0\u00bb title_text=\u00a0\u00bbGENERATION-CLIMAT-400&#215;250&Prime; _builder_version=\u00a0\u00bb4.5.5&Prime; _module_preset=\u00a0\u00bbdefault\u00a0\u00bb][\/et_pb_image][\/et_pb_column][et_pb_column type=\u00a0\u00bb1_4&Prime; _builder_version=\u00a0\u00bb4.5.5&Prime; _module_preset=\u00a0\u00bbdefault\u00a0\u00bb][et_pb_image src=\u00a0\u00bbhttps:\/\/asso-adjd.fr\/wp-content\/uploads\/2023\/07\/LOGO-FONDS-QUARTIERS-SOLIDAIRES-150&#215;150-1.jpg\u00a0\u00bb title_text=\u00a0\u00bbLOGO-FONDS-QUARTIERS-SOLIDAIRES-150&#215;150&Prime; _builder_version=\u00a0\u00bb4.5.5&Prime; _module_preset=\u00a0\u00bbdefault\u00a0\u00bb custom_margin=\u00a0\u00bb5px||||false|false\u00a0\u00bb][\/et_pb_image][\/et_pb_column][et_pb_column type=\u00a0\u00bb1_4&Prime; _builder_version=\u00a0\u00bb4.5.5&Prime; _module_preset=\u00a0\u00bbdefault\u00a0\u00bb][et_pb_image src=\u00a0\u00bbhttps:\/\/asso-adjd.fr\/wp-content\/uploads\/2023\/07\/FORIM.jpg\u00a0\u00bb title_text=\u00a0\u00bbFORIM\u00a0\u00bb _builder_version=\u00a0\u00bb4.5.5&Prime; _module_preset=\u00a0\u00bbdefault\u00a0\u00bb custom_margin=\u00a0\u00bb15px||||false|false\u00a0\u00bb][\/et_pb_image][\/et_pb_column][et_pb_column type=\u00a0\u00bb1_4&Prime; _builder_version=\u00a0\u00bb4.5.5&Prime; _module_preset=\u00a0\u00bbdefault\u00a0\u00bb][et_pb_image src=\u00a0\u00bbhttps:\/\/asso-adjd.fr\/wp-content\/uploads\/2023\/07\/AGENCE-MICROPROJETS-300&#215;158-1.png\u00a0\u00bb title_text=\u00a0\u00bbAGENCE-MICROPROJETS-300&#215;158&Prime; _builder_version=\u00a0\u00bb4.5.5&Prime; _module_preset=\u00a0\u00bbdefault\u00a0\u00bb custom_margin=\u00a0\u00bb15px||||false|false\u00a0\u00bb][\/et_pb_image][\/et_pb_column][\/et_pb_row][et_pb_row column_structure=\u00a0\u00bb1_4,1_4,1_4,1_4&Prime; _builder_version=\u00a0\u00bb4.5.5&Prime; _module_preset=\u00a0\u00bbdefault\u00a0\u00bb animation_style=\u00a0\u00bbzoom\u00a0\u00bb][et_pb_column type=\u00a0\u00bb1_4&Prime; _builder_version=\u00a0\u00bb4.5.5&Prime; _module_preset=\u00a0\u00bbdefault\u00a0\u00bb][et_pb_image src=\u00a0\u00bbhttps:\/\/asso-adjd.fr\/wp-content\/uploads\/2023\/07\/LOGO-CREDIT-MUTUEL-e1688381246908.jpg\u00a0\u00bb title_text=\u00a0\u00bbLOGO-CREDIT-MUTUEL\u00a0\u00bb _builder_version=\u00a0\u00bb4.5.5&Prime; _module_preset=\u00a0\u00bbdefault\u00a0\u00bb custom_margin=\u00a0\u00bb15px||||false|false\u00a0\u00bb][\/et_pb_image][\/et_pb_column][et_pb_column type=\u00a0\u00bb1_4&Prime; _builder_version=\u00a0\u00bb4.5.5&Prime; _module_preset=\u00a0\u00bbdefault\u00a0\u00bb][et_pb_image src=\u00a0\u00bbhttps:\/\/asso-adjd.fr\/wp-content\/uploads\/2023\/07\/6-1-e1688380998792.jpg\u00a0\u00bb title_text=\u00a0\u00bb6-1&Prime; _builder_version=\u00a0\u00bb4.5.5&Prime; _module_preset=\u00a0\u00bbdefault\u00a0\u00bb custom_margin=\u00a0\u00bb5px||||false|false\u00a0\u00bb][\/et_pb_image][\/et_pb_column][et_pb_column type=\u00a0\u00bb1_4&Prime; _builder_version=\u00a0\u00bb4.5.5&Prime; _module_preset=\u00a0\u00bbdefault\u00a0\u00bb][et_pb_image src=\u00a0\u00bbhttps:\/\/asso-adjd.fr\/wp-content\/uploads\/2023\/07\/HETEROCLITE-323&#215;284-1-e1688381060216.jpg\u00a0\u00bb title_text=\u00a0\u00bbHETEROCLITE-323&#215;284&Prime; _builder_version=\u00a0\u00bb4.5.5&Prime; _module_preset=\u00a0\u00bbdefault\u00a0\u00bb custom_margin=\u00a0\u00bb15px||||false|false\u00a0\u00bb][\/et_pb_image][\/et_pb_column][et_pb_column type=\u00a0\u00bb1_4&Prime; _builder_version=\u00a0\u00bb4.5.5&Prime; _module_preset=\u00a0\u00bbdefault\u00a0\u00bb][et_pb_image src=\u00a0\u00bbhttps:\/\/asso-adjd.fr\/wp-content\/uploads\/2023\/07\/COSIM-ARA-150&#215;150-1.jpg\u00a0\u00bb title_text=\u00a0\u00bbCOSIM-ARA-150&#215;150&Prime; _builder_version=\u00a0\u00bb4.5.5&Prime; _module_preset=\u00a0\u00bbdefault\u00a0\u00bb][\/et_pb_image][\/et_pb_column][\/et_pb_row][et_pb_row column_structure=\u00a0\u00bb1_4,1_4,1_4,1_4&Prime; _builder_version=\u00a0\u00bb4.5.5&Prime; _module_preset=\u00a0\u00bbdefault\u00a0\u00bb][et_pb_column type=\u00a0\u00bb1_4&Prime; _builder_version=\u00a0\u00bb4.5.5&Prime; _module_preset=\u00a0\u00bbdefault\u00a0\u00bb][et_pb_image src=\u00a0\u00bbhttps:\/\/asso-adjd.fr\/wp-content\/uploads\/2023\/07\/FECATT-logo-768&#215;432-1.jpg\u00a0\u00bb title_text=\u00a0\u00bbFECATT-logo-768&#215;432&Prime; _builder_version=\u00a0\u00bb4.5.5&Prime; _module_preset=\u00a0\u00bbdefault\u00a0\u00bb custom_margin=\u00a0\u00bb5px||||false|false\u00a0\u00bb animation_style=\u00a0\u00bbfade\u00a0\u00bb][\/et_pb_image][\/et_pb_column][et_pb_column type=\u00a0\u00bb1_4&Prime; _builder_version=\u00a0\u00bb4.5.5&Prime; _module_preset=\u00a0\u00bbdefault\u00a0\u00bb][et_pb_image src=\u00a0\u00bbhttps:\/\/asso-adjd.fr\/wp-content\/uploads\/2023\/07\/1280px-Logo_Grand_Lyon-768&#215;158-1.png\u00a0\u00bb title_text=\u00a0\u00bb1280px-Logo_Grand_Lyon-768&#215;158&Prime; _builder_version=\u00a0\u00bb4.5.5&Prime; _module_preset=\u00a0\u00bbdefault\u00a0\u00bb custom_margin=\u00a0\u00bb60px||||false|false\u00a0\u00bb animation_style=\u00a0\u00bbslide\u00a0\u00bb][\/et_pb_image][\/et_pb_column][et_pb_column type=\u00a0\u00bb1_4&Prime; _builder_version=\u00a0\u00bb4.5.5&Prime; _module_preset=\u00a0\u00bbdefault\u00a0\u00bb][et_pb_image src=\u00a0\u00bbhttps:\/\/asso-adjd.fr\/wp-content\/uploads\/2023\/07\/5-300&#215;141-1.png\u00a0\u00bb title_text=\u00a0\u00bb5-300&#215;141&Prime; _builder_version=\u00a0\u00bb4.5.5&Prime; _module_preset=\u00a0\u00bbdefault\u00a0\u00bb custom_margin=\u00a0\u00bb25px||||false|false\u00a0\u00bb animation_style=\u00a0\u00bbzoom\u00a0\u00bb][\/et_pb_image][\/et_pb_column][et_pb_column type=\u00a0\u00bb1_4&Prime; _builder_version=\u00a0\u00bb4.5.5&Prime; _module_preset=\u00a0\u00bbdefault\u00a0\u00bb][et_pb_image src=\u00a0\u00bbhttps:\/\/asso-adjd.fr\/wp-content\/uploads\/2023\/07\/1-300&#215;131-1.jpg\u00a0\u00bb title_text=\u00a0\u00bb1-300&#215;131&Prime; _builder_version=\u00a0\u00bb4.5.5&Prime; _module_preset=\u00a0\u00bbdefault\u00a0\u00bb custom_margin=\u00a0\u00bb15px||||false|false\u00a0\u00bb animation_style=\u00a0\u00bbbounce\u00a0\u00bb][\/et_pb_image][\/et_pb_column][\/et_pb_row][et_pb_row column_structure=\u00a0\u00bb1_4,1_4,1_4,1_4&Prime; _builder_version=\u00a0\u00bb4.5.5&Prime; _module_preset=\u00a0\u00bbdefault\u00a0\u00bb animation_style=\u00a0\u00bbslide\u00a0\u00bb][et_pb_column type=\u00a0\u00bb1_4&Prime; _builder_version=\u00a0\u00bb4.5.5&Prime; _module_preset=\u00a0\u00bbdefault\u00a0\u00bb][et_pb_image src=\u00a0\u00bbhttps:\/\/asso-adjd.fr\/wp-content\/uploads\/2023\/07\/ASCES-400&#215;284-1.jpg\u00a0\u00bb title_text=\u00a0\u00bbASCES-400&#215;284&Prime; _builder_version=\u00a0\u00bb4.5.5&Prime; _module_preset=\u00a0\u00bbdefault\u00a0\u00bb custom_margin=\u00a0\u00bb7px||||false|false\u00a0\u00bb][\/et_pb_image][\/et_pb_column][et_pb_column type=\u00a0\u00bb1_4&Prime; _builder_version=\u00a0\u00bb4.5.5&Prime; _module_preset=\u00a0\u00bbdefault\u00a0\u00bb][et_pb_image src=\u00a0\u00bbhttps:\/\/asso-adjd.fr\/wp-content\/uploads\/2023\/07\/CGET-300&#215;284-1.png\u00a0\u00bb title_text=\u00a0\u00bbCGET-300&#215;284&Prime; _builder_version=\u00a0\u00bb4.5.5&Prime; _module_preset=\u00a0\u00bbdefault\u00a0\u00bb custom_margin=\u00a0\u00bb-25px||||false|false\u00a0\u00bb][\/et_pb_image][\/et_pb_column][et_pb_column type=\u00a0\u00bb1_4&Prime; _builder_version=\u00a0\u00bb4.5.5&Prime; _module_preset=\u00a0\u00bbdefault\u00a0\u00bb][et_pb_image src=\u00a0\u00bbhttps:\/\/asso-adjd.fr\/wp-content\/uploads\/2024\/01\/AUVR-TENNIS-DE-TABLE.jpg\u00a0\u00bb title_text=\u00a0\u00bbAUVR TENNIS DE TABLE\u00a0\u00bb _builder_version=\u00a0\u00bb4.5.5&Prime; _module_preset=\u00a0\u00bbdefault\u00a0\u00bb height=\u00a0\u00bb169px\u00a0\u00bb custom_margin=\u00a0\u00bb0px||||false|false\u00a0\u00bb][\/et_pb_image][\/et_pb_column][et_pb_column type=\u00a0\u00bb1_4&Prime; _builder_version=\u00a0\u00bb4.5.5&Prime; _module_preset=\u00a0\u00bbdefault\u00a0\u00bb][et_pb_image src=\u00a0\u00bbhttps:\/\/asso-adjd.fr\/wp-content\/uploads\/2023\/07\/ALLIANCE-FRANCAISE-DE-BANGUI-1.jpg\u00a0\u00bb title_text=\u00a0\u00bbALLIANCE-FRANCAISE-DE-BANGUI-1&Prime; _builder_version=\u00a0\u00bb4.5.5&Prime; _module_preset=\u00a0\u00bbdefault\u00a0\u00bb custom_margin=\u00a0\u00bb-15px||||false|false\u00a0\u00bb][\/et_pb_image][\/et_pb_column][\/et_pb_row][et_pb_row column_structure=\u00a0\u00bb1_4,1_4,1_4,1_4&Prime; _builder_version=\u00a0\u00bb4.5.5&Prime; _module_preset=\u00a0\u00bbdefault\u00a0\u00bb animation_style=\u00a0\u00bbzoom\u00a0\u00bb][et_pb_column type=\u00a0\u00bb1_4&Prime; _builder_version=\u00a0\u00bb4.5.5&Prime; _module_preset=\u00a0\u00bbdefault\u00a0\u00bb][et_pb_image src=\u00a0\u00bbhttps:\/\/asso-adjd.fr\/wp-content\/uploads\/2024\/01\/METROPOLE-QUARTIER-ETE.png\u00a0\u00bb title_text=\u00a0\u00bbMETROPOLE QUARTIER ETE\u00a0\u00bb _builder_version=\u00a0\u00bb4.5.5&Prime; _module_preset=\u00a0\u00bbdefault\u00a0\u00bb height=\u00a0\u00bb135px\u00a0\u00bb custom_margin=\u00a0\u00bb0px||||false|false\u00a0\u00bb animation_style=\u00a0\u00bbslide\u00a0\u00bb][\/et_pb_image][\/et_pb_column][et_pb_column type=\u00a0\u00bb1_4&Prime; _builder_version=\u00a0\u00bb4.5.5&Prime; _module_preset=\u00a0\u00bbdefault\u00a0\u00bb][et_pb_image src=\u00a0\u00bbhttps:\/\/asso-adjd.fr\/wp-content\/uploads\/2024\/01\/AUCHAN.png\u00a0\u00bb title_text=\u00a0\u00bbAUCHAN\u00a0\u00bb _builder_version=\u00a0\u00bb4.5.5&Prime; _module_preset=\u00a0\u00bbdefault\u00a0\u00bb custom_margin=\u00a0\u00bb30px||||false|false\u00a0\u00bb animation_style=\u00a0\u00bbslide\u00a0\u00bb][\/et_pb_image][\/et_pb_column][et_pb_column type=\u00a0\u00bb1_4&Prime; _builder_version=\u00a0\u00bb4.5.5&Prime; _module_preset=\u00a0\u00bbdefault\u00a0\u00bb][et_pb_image src=\u00a0\u00bbhttps:\/\/asso-adjd.fr\/wp-content\/uploads\/2024\/01\/CAF.png\u00a0\u00bb title_text=\u00a0\u00bbCAF\u00a0\u00bb _builder_version=\u00a0\u00bb4.5.5&Prime; _module_preset=\u00a0\u00bbdefault\u00a0\u00bb height=\u00a0\u00bb135px\u00a0\u00bb][\/et_pb_image][\/et_pb_column][et_pb_column type=\u00a0\u00bb1_4&Prime; _builder_version=\u00a0\u00bb4.5.5&Prime; _module_preset=\u00a0\u00bbdefault\u00a0\u00bb][et_pb_image src=\u00a0\u00bbhttps:\/\/asso-adjd.fr\/wp-content\/uploads\/2024\/01\/EAU-RHONE-MEDITERANEE-CORSE.png\u00a0\u00bb title_text=\u00a0\u00bbEAU RHONE MEDITERANEE CORSE\u00a0\u00bb _builder_version=\u00a0\u00bb4.5.5&Prime; _module_preset=\u00a0\u00bbdefault\u00a0\u00bb height=\u00a0\u00bb145px\u00a0\u00bb][\/et_pb_image][\/et_pb_column][\/et_pb_row][et_pb_row column_structure=\u00a0\u00bb1_4,1_4,1_4,1_4&Prime; _builder_version=\u00a0\u00bb4.5.5&Prime; _module_preset=\u00a0\u00bbdefault\u00a0\u00bb animation_style=\u00a0\u00bbzoom\u00a0\u00bb][et_pb_column type=\u00a0\u00bb1_4&Prime; _builder_version=\u00a0\u00bb4.5.5&Prime; _module_preset=\u00a0\u00bbdefault\u00a0\u00bb][et_pb_image src=\u00a0\u00bbhttps:\/\/asso-adjd.fr\/wp-content\/uploads\/2024\/01\/KOTA-KEKE.png\u00a0\u00bb title_text=\u00a0\u00bbKOTA KEKE\u00a0\u00bb _builder_version=\u00a0\u00bb4.5.5&Prime; _module_preset=\u00a0\u00bbdefault\u00a0\u00bb custom_margin=\u00a0\u00bb||||false|false\u00a0\u00bb animation_style=\u00a0\u00bbslide\u00a0\u00bb][\/et_pb_image][\/et_pb_column][et_pb_column type=\u00a0\u00bb1_4&Prime; _builder_version=\u00a0\u00bb4.5.5&Prime; _module_preset=\u00a0\u00bbdefault\u00a0\u00bb][et_pb_image src=\u00a0\u00bbhttps:\/\/asso-adjd.fr\/wp-content\/uploads\/2024\/01\/LA-GUILDE.png\u00a0\u00bb title_text=\u00a0\u00bbLA GUILDE\u00a0\u00bb align=\u00a0\u00bbcenter\u00a0\u00bb _builder_version=\u00a0\u00bb4.5.5&Prime; _module_preset=\u00a0\u00bbdefault\u00a0\u00bb height=\u00a0\u00bb130px\u00a0\u00bb custom_margin=\u00a0\u00bb||||false|false\u00a0\u00bb animation_style=\u00a0\u00bbslide\u00a0\u00bb][\/et_pb_image][\/et_pb_column][et_pb_column type=\u00a0\u00bb1_4&Prime; _builder_version=\u00a0\u00bb4.5.5&Prime; _module_preset=\u00a0\u00bbdefault\u00a0\u00bb][et_pb_image src=\u00a0\u00bbhttps:\/\/asso-adjd.fr\/wp-content\/uploads\/2024\/01\/MAIRIE-RILLIEUX.png\u00a0\u00bb title_text=\u00a0\u00bbMAIRIE RILLIEUX\u00a0\u00bb align=\u00a0\u00bbcenter\u00a0\u00bb _builder_version=\u00a0\u00bb4.5.5&Prime; _module_preset=\u00a0\u00bbdefault\u00a0\u00bb height=\u00a0\u00bb135px\u00a0\u00bb][\/et_pb_image][\/et_pb_column][et_pb_column type=\u00a0\u00bb1_4&Prime; _builder_version=\u00a0\u00bb4.5.5&Prime; _module_preset=\u00a0\u00bbdefault\u00a0\u00bb][et_pb_image src=\u00a0\u00bbhttps:\/\/asso-adjd.fr\/wp-content\/uploads\/2024\/01\/MINISTER-DES-SPORTS.png\u00a0\u00bb title_text=\u00a0\u00bbMINISTER DES SPORTS\u00a0\u00bb _builder_version=\u00a0\u00bb4.5.5&Prime; _module_preset=\u00a0\u00bbdefault\u00a0\u00bb height=\u00a0\u00bb135px\u00a0\u00bb][\/et_pb_image][\/et_pb_column][\/et_pb_row][et_pb_row column_structure=\u00a0\u00bb1_4,1_4,1_4,1_4&Prime; _builder_version=\u00a0\u00bb4.5.5&Prime; _module_preset=\u00a0\u00bbdefault\u00a0\u00bb animation_style=\u00a0\u00bbzoom\u00a0\u00bb][et_pb_column type=\u00a0\u00bb1_4&Prime; _builder_version=\u00a0\u00bb4.5.5&Prime; _module_preset=\u00a0\u00bbdefault\u00a0\u00bb][et_pb_image src=\u00a0\u00bbhttps:\/\/asso-adjd.fr\/wp-content\/uploads\/2024\/01\/MOCAF.png\u00a0\u00bb title_text=\u00a0\u00bbMOCAF\u00a0\u00bb _builder_version=\u00a0\u00bb4.5.5&Prime; _module_preset=\u00a0\u00bbdefault\u00a0\u00bb height=\u00a0\u00bb140px\u00a0\u00bb custom_margin=\u00a0\u00bb||||false|false\u00a0\u00bb animation_style=\u00a0\u00bbslide\u00a0\u00bb][\/et_pb_image][\/et_pb_column][et_pb_column type=\u00a0\u00bb1_4&Prime; _builder_version=\u00a0\u00bb4.5.5&Prime; _module_preset=\u00a0\u00bbdefault\u00a0\u00bb][et_pb_image src=\u00a0\u00bbhttps:\/\/asso-adjd.fr\/wp-content\/uploads\/2024\/01\/FONDATION-AGIR-SA-VIE.png\u00a0\u00bb title_text=\u00a0\u00bbFONDATION AGIR SA VIE\u00a0\u00bb align=\u00a0\u00bbcenter\u00a0\u00bb _builder_version=\u00a0\u00bb4.5.5&Prime; _module_preset=\u00a0\u00bbdefault\u00a0\u00bb height=\u00a0\u00bb130px\u00a0\u00bb custom_margin=\u00a0\u00bb||||false|false\u00a0\u00bb animation_style=\u00a0\u00bbslide\u00a0\u00bb][\/et_pb_image][\/et_pb_column][et_pb_column type=\u00a0\u00bb1_4&Prime; _builder_version=\u00a0\u00bb4.5.5&Prime; _module_preset=\u00a0\u00bbdefault\u00a0\u00bb][et_pb_image src=\u00a0\u00bbhttps:\/\/asso-adjd.fr\/wp-content\/uploads\/2024\/01\/METROPOLE-LYON-BASE.png\u00a0\u00bb title_text=\u00a0\u00bbMETROPOLE LYON BASE\u00a0\u00bb _builder_version=\u00a0\u00bb4.5.5&Prime; _module_preset=\u00a0\u00bbdefault\u00a0\u00bb custom_margin=\u00a0\u00bb20px||||false|false\u00a0\u00bb][\/et_pb_image][\/et_pb_column][et_pb_column type=\u00a0\u00bb1_4&Prime; _builder_version=\u00a0\u00bb4.5.5&Prime; _module_preset=\u00a0\u00bbdefault\u00a0\u00bb][et_pb_image src=\u00a0\u00bbhttps:\/\/asso-adjd.fr\/wp-content\/uploads\/2024\/03\/LOGO-DE-FONDATION-dB-Human.png\u00a0\u00bb _builder_version=\u00a0\u00bb4.5.5&Prime; _module_preset=\u00a0\u00bbdefault\u00a0\u00bb title_text=\u00a0\u00bbLOGO DE FONDATION dB Human\u00a0\u00bb height=\u00a0\u00bb140px\u00a0\u00bb hover_enabled=\u00a0\u00bb0&Prime;][\/et_pb_image][\/et_pb_column][\/et_pb_row][\/et_pb_section]<\/p>\n","protected":false},"excerpt":{"rendered":"<p>[et_pb_section fb_built=\u00a0\u00bb1&Prime; fullwidth=\u00a0\u00bbon\u00a0\u00bb disabled_on=\u00a0\u00bbon|off|off\u00a0\u00bb _builder_version=\u00a0\u00bb4.5.5&Prime; _module_preset=\u00a0\u00bbdefault\u00a0\u00bb background_color=\u00a0\u00bb#005608&Prime;][et_pb_fullwidth_header title=\u00a0\u00bbILS NOUS FONT CONFIANCE\u00a0\u00bb text_orientation=\u00a0\u00bbcenter\u00a0\u00bb _builder_version=\u00a0\u00bb4.5.5&Prime; _module_preset=\u00a0\u00bbdefault\u00a0\u00bb title_font=\u00a0\u00bbAcme||||||||\u00a0\u00bb title_text_color=\u00a0\u00bb#edf000&Prime; title_font_size=\u00a0\u00bb65px\u00a0\u00bb content_font_size=\u00a0\u00bb18px\u00a0\u00bb background_color=\u00a0\u00bb#004f2b\u00a0\u00bb title_text_shadow_style=\u00a0\u00bbpreset1&Prime;] Nos partenaires nous font confiance, et nous accompagnent dans l&rsquo;\u00e9laboration, le suivi et la r\u00e9alisation de nos projets affin de garantir une meilleure efficacit\u00e9 [\/et_pb_fullwidth_header][\/et_pb_section][et_pb_section fb_built=\u00a0\u00bb1&Prime; fullwidth=\u00a0\u00bbon\u00a0\u00bb disabled_on=\u00a0\u00bboff|on|on\u00a0\u00bb _builder_version=\u00a0\u00bb4.5.5&Prime; _module_preset=\u00a0\u00bbdefault\u00a0\u00bb background_color=\u00a0\u00bb#005608&Prime;][et_pb_fullwidth_header title=\u00a0\u00bbILS NOUS FONT CONFIANCE\u00a0\u00bb [&hellip;]<\/p>\n","protected":false},"author":1,"featured_media":0,"parent":0,"menu_order":0,"comment_status":"closed","ping_status":"closed","template":"","meta":{"_et_pb_use_builder":"on","_et_pb_old_content":"","_et_gb_content_width":"","footnotes":""},"class_list":["post-12","page","type-page","status-publish","hentry"],"_links":{"self":[{"href":"https:\/\/asso-adjd.fr\/index.php\/wp-json\/wp\/v2\/pages\/12","targetHints":{"allow":["GET"]}}],"collection":[{"href":"https:\/\/asso-adjd.fr\/index.php\/wp-json\/wp\/v2\/pages"}],"about":[{"href":"https:\/\/asso-adjd.fr\/index.php\/wp-json\/wp\/v2\/types\/page"}],"author":[{"embeddable":true,"href":"https:\/\/asso-adjd.fr\/index.php\/wp-json\/wp\/v2\/users\/1"}],"replies":[{"embeddable":true,"href":"https:\/\/asso-adjd.fr\/index.php\/wp-json\/wp\/v2\/comments?post=12"}],"version-history":[{"count":55,"href":"https:\/\/asso-adjd.fr\/index.php\/wp-json\/wp\/v2\/pages\/12\/revisions"}],"predecessor-version":[{"id":1177,"href":"https:\/\/asso-adjd.fr\/index.php\/wp-json\/wp\/v2\/pages\/12\/revisions\/1177"}],"wp:attachment":[{"href":"https:\/\/asso-adjd.fr\/index.php\/wp-json\/wp\/v2\/media?parent=12"}],"curies":[{"name":"wp","href":"https:\/\/api.w.org\/{rel}","templated":true}]}}